{"id":46115,"date":"2026-02-15T16:24:13","date_gmt":"2026-02-15T22:24:13","guid":{"rendered":"https:\/\/themesh.art\/?post_type=venues&#038;p=46115"},"modified":"2026-02-15T16:24:55","modified_gmt":"2026-02-15T22:24:55","slug":"mora-residencies","status":"publish","type":"venues","link":"https:\/\/themesh.art\/en\/venues\/mora-residencies\/","title":{"rendered":"MoRA Residencies"},"content":{"rendered":"<section id=\"comp-mkflc991\" class=\"xuzjBY comp-mkflc991-container comp-mkflc991 wixui-section undefined Gzsk0j\" tabindex=\"-1\" data-block-level-container=\"Section\" data-testid=\"section-container\">\n<div id=\"comp-mkflc9971\" class=\"PiVxGu MDrwHQ comp-mkflc9971 wixui-box\" dir=\"ltr\" role=\"\">\n<div class=\"comp-mkflc9971-container\" data-testid=\"responsive-container-content\">\n<div id=\"comp-mkflc99a\" class=\"PiVxGu MDrwHQ comp-mkflc99a-container comp-mkflc99a wixui-box\" dir=\"ltr\" role=\"\">\n<div class=\"yPXgy9 YqUfCX inner-box wixui-box\" aria-hidden=\"true\"><\/div>\n<div id=\"comp-mkflc99e1\" class=\"Z_l5lU ku3DBC zQ9jDz qvSjx3 Vq6kJx comp-mkflc99e1 wixui-rich-text\" data-testid=\"richTextElement\">\n<h4 class=\"font_4 wixui-rich-text__text\">A Cultural bridge connecting international artists with Mexico&#8217;s creative scene<\/h4>\n<\/div>\n<div id=\"comp-mkflc99b\" class=\"Z_l5lU ku3DBC zQ9jDz qvSjx3 Vq6kJx comp-mkflc99b wixui-rich-text\" data-testid=\"richTextElement\">\n<p class=\"font_7 wixui-rich-text__text\">MORA is an international artist residency in Monterrey, Mexico, connecting emerging artists with the local creative scene through cultural exchange.<\/p>\n<\/div>\n<\/div>\n<\/div>\n<\/div>\n<div id=\"comp-mkflc9ai\" class=\"PiVxGu MDrwHQ comp-mkflc9ai wixui-box\" dir=\"ltr\" role=\"\">\n<div class=\"comp-mkflc9ai-container\" data-testid=\"responsive-container-content\">\n<div id=\"comp-mkflc9am4\" class=\"comp-mkflc9am4 JGtLUp wixui-horizontal-line\"><\/div>\n<\/div>\n<\/div>\n<div id=\"comp-mkflc99g2\" class=\"PiVxGu MDrwHQ comp-mkflc99g2 wixui-box\" dir=\"ltr\" role=\"\">\n<div class=\"yPXgy9 YqUfCX inner-box wixui-box\" aria-hidden=\"true\"><\/div>\n<div class=\"comp-mkflc99g2-container\" data-testid=\"responsive-container-content\">\n<div id=\"comp-mkflc99i\" class=\"lyNaha comp-mkflc99i JdNFxG wixui-image\" data-testid=\"imageX\">\n<div class=\"h1DYhE\" data-motion-part=\"BG_LAYER comp-mkflc99i\">\n<div data-motion-part=\"BG_MEDIA comp-mkflc99i\"><picture><img decoding=\"async\" data-src=\"https:\/\/static.wixstatic.com\/media\/2c2c7d_35962549eadb4978ad5f20daa6c63663~mv2.jpg\/v1\/fill\/w_1340,h_268,fp_0.50_0.31,q_80,usm_0.66_1.00_0.01,enc_avif,quality_auto\/pexels-eberhardgross-691668.jpg\" alt=\"pexels-eberhardgross-691668.jpg\" data-ssr-src-done=\"true\" src=\"data:image\/gif;base64,R0lGODlhAQABAAAAACH5BAEKAAEALAAAAAABAAEAAAICTAEAOw==\" class=\"lazyload\" \/><noscript><img decoding=\"async\" src=\"https:\/\/static.wixstatic.com\/media\/2c2c7d_35962549eadb4978ad5f20daa6c63663~mv2.jpg\/v1\/fill\/w_1340,h_268,fp_0.50_0.31,q_80,usm_0.66_1.00_0.01,enc_avif,quality_auto\/pexels-eberhardgross-691668.jpg\" alt=\"pexels-eberhardgross-691668.jpg\" data-ssr-src-done=\"true\" \/><\/noscript><\/picture><\/div>\n<\/div>\n<\/div>\n<\/div>\n<\/div>\n<\/section>\n<section id=\"comp-mkfkure7\" class=\"xuzjBY comp-mkfkure7 wixui-section Gzsk0j\" tabindex=\"-1\" data-block-level-container=\"Section\" data-testid=\"section-container\">\n<div id=\"bgLayers_comp-mkfkure7\" class=\"MW5IWV\" data-hook=\"bgLayers\" data-motion-part=\"BG_LAYER comp-mkfkure7\">\n<div class=\"LWbAav Kv1aVt\" data-testid=\"colorUnderlay\"><\/div>\n<div id=\"bgMedia_comp-mkfkure7\" class=\"VgO9Yg\" data-motion-part=\"BG_MEDIA comp-mkfkure7\"><\/div>\n<\/div>\n<div class=\"comp-mkfkure7-container\" data-testid=\"responsive-container-content\">\n<div id=\"comp-mkfkuref\" class=\"PiVxGu MDrwHQ comp-mkfkuref wixui-box\" dir=\"ltr\" role=\"\">\n<div class=\"yPXgy9 YqUfCX inner-box wixui-box\" aria-hidden=\"true\"><\/div>\n<div class=\"comp-mkfkuref-container\" data-testid=\"responsive-container-content\">\n<div id=\"comp-mkfkurei\" class=\"lyNaha comp-mkfkurei JdNFxG wixui-image\" data-testid=\"imageX\">\n<div class=\"h1DYhE\" data-motion-part=\"BG_LAYER comp-mkfkurei\">\n<div data-motion-part=\"BG_MEDIA comp-mkfkurei\"><picture><img decoding=\"async\" data-src=\"https:\/\/static.wixstatic.com\/media\/2c2c7d_09ae36024cd244569b9025d7ebd13761~mv2.jpg\/v1\/fill\/w_873,h_497,al_c,q_85,usm_0.66_1.00_0.01,enc_avif,quality_auto\/TALLER_ANDRES%20ANZA_17.jpg\" alt=\"TALLER_ANDRES ANZA_17.jpg\" data-ssr-src-done=\"true\" src=\"data:image\/gif;base64,R0lGODlhAQABAAAAACH5BAEKAAEALAAAAAABAAEAAAICTAEAOw==\" class=\"lazyload\" \/><noscript><img decoding=\"async\" src=\"https:\/\/static.wixstatic.com\/media\/2c2c7d_09ae36024cd244569b9025d7ebd13761~mv2.jpg\/v1\/fill\/w_873,h_497,al_c,q_85,usm_0.66_1.00_0.01,enc_avif,quality_auto\/TALLER_ANDRES%20ANZA_17.jpg\" alt=\"TALLER_ANDRES ANZA_17.jpg\" data-ssr-src-done=\"true\" \/><\/noscript><\/picture><\/div>\n<\/div>\n<\/div>\n<\/div>\n<\/div>\n<div id=\"comp-mkfkurel\" class=\"PiVxGu MDrwHQ comp-mkfkurel wixui-box\" dir=\"ltr\" role=\"\">\n<div class=\"yPXgy9 YqUfCX inner-box wixui-box\" aria-hidden=\"true\"><\/div>\n<div class=\"comp-mkfkurel-container\" data-testid=\"responsive-container-content\">\n<div id=\"comp-mkfkuren4\" class=\"PiVxGu MDrwHQ comp-mkfkuren4-container comp-mkfkuren4 wixui-box\" dir=\"ltr\" role=\"\">\n<div class=\"yPXgy9 YqUfCX inner-box wixui-box\" aria-hidden=\"true\"><\/div>\n<div id=\"comp-mkfkurfs3\" class=\"Z_l5lU ku3DBC zQ9jDz qvSjx3 Vq6kJx comp-mkfkurfs3 wixui-rich-text\" data-testid=\"richTextElement\">\n<p class=\"font_8 wixui-rich-text__text\">What we stand for<\/p>\n<\/div>\n<\/div>\n<div id=\"comp-mkfkurg0\" class=\"Z_l5lU ku3DBC zQ9jDz qvSjx3 Vq6kJx comp-mkfkurg0 wixui-rich-text\" data-testid=\"richTextElement\">\n<p class=\"font_7 wixui-rich-text__text\">Our commitment is to provide a platform that highlights their work, encourages learning through mentorship, and opens paths toward an artistic practice with global reach.<\/p>\n<\/div>\n<\/div>\n<\/div>\n<\/div>\n<\/section>\n<section id=\"comp-mkfkbnlb\" class=\"xuzjBY comp-mkfkbnlb-container comp-mkfkbnlb wixui-section undefined Gzsk0j\" tabindex=\"-1\" data-block-level-container=\"Section\" data-testid=\"section-container\">\n<div id=\"bgLayers_comp-mkfkbnlb\" class=\"MW5IWV\" data-hook=\"bgLayers\" data-motion-part=\"BG_LAYER comp-mkfkbnlb\">\n<div class=\"LWbAav Kv1aVt\" data-testid=\"colorUnderlay\"><\/div>\n<div id=\"bgMedia_comp-mkfkbnlb\" class=\"VgO9Yg\" data-motion-part=\"BG_MEDIA comp-mkfkbnlb\"><\/div>\n<\/div>\n<div id=\"comp-mkfkbnm1\" class=\"PiVxGu MDrwHQ comp-mkfkbnm1 wixui-box\" dir=\"ltr\" role=\"\">\n<div class=\"comp-mkfkbnm1-container\" data-testid=\"responsive-container-content\">\n<div id=\"comp-mkfkbnm3\" class=\"PiVxGu MDrwHQ comp-mkfkbnm3-container comp-mkfkbnm3 wixui-box\" dir=\"ltr\" role=\"\">\n<div id=\"comp-mkfkq9tc\" class=\"Z_l5lU ku3DBC zQ9jDz qvSjx3 Vq6kJx comp-mkfkq9tc wixui-rich-text\" data-testid=\"richTextElement\">\n<h4 class=\"font_4 wixui-rich-text__text\">Connect and Create: A Welcoming Artistic Community<\/h4>\n<\/div>\n<div id=\"comp-mkfkbnm51\" class=\"Z_l5lU ku3DBC zQ9jDz qvSjx3 Vq6kJx comp-mkfkbnm51 wixui-rich-text\" data-testid=\"richTextElement\">\n<p class=\"font_9 wixui-rich-text__text\"><span class=\"wixui-rich-text__text\">Monterrey&#8217;s art scene is steadily growing and wonderfully diverse. You&#8217;ll find established institutions like museum MARCO, alongside a vibrant and accessible network of independent galleries, artist-run spaces, and a passionate local creative community.\u00a0<\/span><\/p>\n<p class=\"font_9 wixui-rich-text__text\"><span class=\"wixui-rich-text__text\"><span class=\"wixGuard wixui-rich-text__text\">\u200b<\/span><\/span><\/p>\n<p class=\"font_9 wixui-rich-text__text\"><span class=\"wixui-rich-text__text\">What makes Monterrey truly special is its unique blend of urban vitality and breathtaking natural beauty. The city hums with an entrepreneurial spirit and a forward-looking perspective, constantly sparking new ideas. Yet, just a short drive away, the majestic Sierra Madre Oriental offers peaceful escapes\u00a0 like Chipinque and La Huasteca \u2013 perfect for\u00a0 reflection and finding new angles for your work.\u00a0<\/span><\/p>\n<\/div>\n<div id=\"comp-mkfkbnm72\" class=\"lyNaha comp-mkfkbnm72 JdNFxG wixui-image\" data-testid=\"imageX\">\n<div class=\"h1DYhE\" data-motion-part=\"BG_LAYER comp-mkfkbnm72\">\n<div data-motion-part=\"BG_MEDIA comp-mkfkbnm72\"><picture><img decoding=\"async\" data-src=\"https:\/\/static.wixstatic.com\/media\/2c2c7d_8583370d5ff8469bb530e14f9dbd2e6a~mv2.jpg\/v1\/fill\/w_413,h_214,fp_0.52_0.81,q_80,usm_0.66_1.00_0.01,enc_avif,quality_auto\/Image%20by%20Gabriel%20Tovar.jpg\" alt=\"Image by Gabriel Tovar\" data-ssr-src-done=\"true\" src=\"data:image\/gif;base64,R0lGODlhAQABAAAAACH5BAEKAAEALAAAAAABAAEAAAICTAEAOw==\" class=\"lazyload\" \/><noscript><img decoding=\"async\" src=\"https:\/\/static.wixstatic.com\/media\/2c2c7d_8583370d5ff8469bb530e14f9dbd2e6a~mv2.jpg\/v1\/fill\/w_413,h_214,fp_0.52_0.81,q_80,usm_0.66_1.00_0.01,enc_avif,quality_auto\/Image%20by%20Gabriel%20Tovar.jpg\" alt=\"Image by Gabriel Tovar\" data-ssr-src-done=\"true\" \/><\/noscript><\/picture><\/div>\n<\/div>\n<\/div>\n<div id=\"comp-mkfkbnma1\" class=\"Z_l5lU ku3DBC zQ9jDz qvSjx3 Vq6kJx comp-mkfkbnma1 wixui-rich-text\" data-testid=\"richTextElement\">\n<p class=\"font_9 wixui-rich-text__text\"><span class=\"wixui-rich-text__text\">Our studio is located in the heart of downtown San Pedro Garza Garc\u00eda, a municipality within the metropolitan area of Monterrey, Nuevo Le\u00f3n. San Pedro is known for its contemporary urban life and an active art and cultural scene, surrounded by architecture, design, and the striking presence of the Sierra Madre mountains, creating an environment that supports creative practice.<\/span><\/p>\n<\/div>\n<\/div>\n<\/div>\n<\/div>\n<\/section>","protected":false},"excerpt":{"rendered":"<p>Based in Monterrey, MoRA is an artist residency program designed to encourage creative exchange and exploration. Each residency brings together artists from different parts of the world to experiment, connect, and build lasting cultural bridges.<\/p>","protected":false},"author":1,"featured_media":46116,"template":"","meta":{"site-sidebar-layout":"default","site-content-layout":"","ast-site-content-layout":"default","site-content-style":"default","site-sidebar-style":"default","ast-global-header-display":"","ast-banner-title-visibility":"","ast-main-header-display":"","ast-hfb-above-header-display":"","ast-hfb-below-header-display":"","ast-hfb-mobile-header-display":"","site-post-title":"","ast-breadcrumbs-content":"","ast-featured-img":"","footer-sml-layout":"","theme-transparent-header-meta":"default","adv-header-id-meta":"","stick-header-meta":"","header-above-stick-meta":"","header-main-stick-meta":"","header-below-stick-meta":"","astra-migrate-meta-layouts":"set","ast-page-background-enabled":"default","ast-page-background-meta":{"desktop":{"background-color":"var(--ast-global-color-4)","background-image":"","background-repeat":"repeat","background-position":"center center","background-size":"auto","background-attachment":"scroll","background-type":"","background-media":"","overlay-type":"","overlay-color":"","overlay-opacity":"","overlay-gradient":""},"tablet":{"background-color":"","background-image":"","background-repeat":"repeat","background-position":"center center","background-size":"auto","background-attachment":"scroll","background-type":"","background-media":"","overlay-type":"","overlay-color":"","overlay-opacity":"","overlay-gradient":""},"mobile":{"background-color":"","background-image":"","background-repeat":"repeat","background-position":"center center","background-size":"auto","background-attachment":"scroll","background-type":"","background-media":"","overlay-type":"","overlay-color":"","overlay-opacity":"","overlay-gradient":""}},"ast-content-background-meta":{"desktop":{"background-color":"var(--ast-global-color-5)","background-image":"","background-repeat":"repeat","background-position":"center center","background-size":"auto","background-attachment":"scroll","background-type":"","background-media":"","overlay-type":"","overlay-color":"","overlay-opacity":"","overlay-gradient":""},"tablet":{"background-color":"var(--ast-global-color-5)","background-image":"","background-repeat":"repeat","background-position":"center center","background-size":"auto","background-attachment":"scroll","background-type":"","background-media":"","overlay-type":"","overlay-color":"","overlay-opacity":"","overlay-gradient":""},"mobile":{"background-color":"var(--ast-global-color-5)","background-image":"","background-repeat":"repeat","background-position":"center center","background-size":"auto","background-attachment":"scroll","background-type":"","background-media":"","overlay-type":"","overlay-color":"","overlay-opacity":"","overlay-gradient":""}},"b9e7b6d15e5b3662afcbbd8db24d8232_lat":"25.662949","b9e7b6d15e5b3662afcbbd8db24d8232_lng":"-100.4016416","featured_venue":"","direccion_google_maps":"Porfirio D\u00edaz 269A, San Pedro , Nuevo Le\u00f3n, M\u00e9xico"},"etiquetas-del-venue":[1585],"categoria-del-venue":[1538],"ubicacion-del-venue":[1208,1298],"class_list":["post-46115","venues","type-venues","status-publish","has-post-thumbnail","hentry","etiquetas-del-venue-artes-visuales","categoria-del-venue-residencias","ubicacion-del-venue-mexico","ubicacion-del-venue-monterrey"],"_links":{"self":[{"href":"https:\/\/themesh.art\/en\/wp-json\/wp\/v2\/venues\/46115","targetHints":{"allow":["GET"]}}],"collection":[{"href":"https:\/\/themesh.art\/en\/wp-json\/wp\/v2\/venues"}],"about":[{"href":"https:\/\/themesh.art\/en\/wp-json\/wp\/v2\/types\/venues"}],"author":[{"embeddable":true,"href":"https:\/\/themesh.art\/en\/wp-json\/wp\/v2\/users\/1"}],"wp:featuredmedia":[{"embeddable":true,"href":"https:\/\/themesh.art\/en\/wp-json\/wp\/v2\/media\/46116"}],"wp:attachment":[{"href":"https:\/\/themesh.art\/en\/wp-json\/wp\/v2\/media?parent=46115"}],"wp:term":[{"taxonomy":"etiquetas-del-venue","embeddable":true,"href":"https:\/\/themesh.art\/en\/wp-json\/wp\/v2\/etiquetas-del-venue?post=46115"},{"taxonomy":"categoria-del-venue","embeddable":true,"href":"https:\/\/themesh.art\/en\/wp-json\/wp\/v2\/categoria-del-venue?post=46115"},{"taxonomy":"ubicacion-del-venue","embeddable":true,"href":"https:\/\/themesh.art\/en\/wp-json\/wp\/v2\/ubicacion-del-venue?post=46115"}],"curies":[{"name":"wp","href":"https:\/\/api.w.org\/{rel}","templated":true}]}}