{"id":45055,"date":"2026-01-25T15:53:38","date_gmt":"2026-01-25T21:53:38","guid":{"rendered":"https:\/\/themesh.art\/?post_type=venues&#038;p=45055"},"modified":"2026-01-25T15:53:38","modified_gmt":"2026-01-25T21:53:38","slug":"rayon","status":"publish","type":"venues","link":"https:\/\/themesh.art\/en\/venues\/rayon\/","title":{"rendered":"Ray\u00f3n"},"content":{"rendered":"<div id=\"bgLayers_comp-mjq4wzh5\" class=\"MW5IWV\" data-hook=\"bgLayers\" data-motion-part=\"BG_LAYER comp-mjq4wzh5\">\n<div id=\"bgMedia_comp-mjq4wzh5\" class=\"VgO9Yg\" data-motion-part=\"BG_MEDIA comp-mjq4wzh5\"><span style=\"font-size: 20.8px;\">\u00bfQu\u00e9 es Festival Ray\u00f3n?<\/span><\/div>\n<\/div>\n<div class=\"\" data-mesh-id=\"comp-mjq4wzh5inlineContent\" data-testid=\"inline-content\">\n<div data-mesh-id=\"comp-mjq4wzh5inlineContent-gridContainer\" data-testid=\"mesh-container-content\">\n<div id=\"comp-mjq5d7u65\" class=\"comp-mjq5d7u65 wixui-vector-image\" data-motion-enter=\"done\">\n<div class=\"VDJedC l4CAhn\" data-testid=\"svgRoot-comp-mjq5d7u65\"><\/div>\n<\/div>\n<div id=\"comp-mjq5d7u8\" class=\"Z_l5lU ku3DBC zQ9jDz qvSjx3 Vq6kJx comp-mjq5d7u8 wixui-rich-text\" data-testid=\"richTextElement\">\n<p class=\"font_7 wixui-rich-text__text\"><span class=\"color_36 wixui-rich-text__text\">Desde 2018, nuestro festival se ha enfocado en crear un punto de encuentro \u00fanico entre dibujantes de diferentes trayectorias de M\u00e9xico y del mundo. Es un momento de intercambio que incluye a trav\u00e9s de diferentes actividades al p\u00fablico general y a personas interesadas en conectar con el dibujo naif, contempor\u00e1neo, urbano, surrealista y tropicalizado. A trav\u00e9s del festival \u2013y de nuestra programaci\u00f3n en general\u2013 hemos tenido la fortuna de ver en estos 7 a\u00f1os a decenas de proyectos iniciar, emerger y transformar su rol en una escena tan rica y compleja como la nuestra.\u00a0<\/span><\/p>\n<p class=\"font_7 wixui-rich-text__text\">\n<p class=\"font_7 wixui-rich-text__text\"><span class=\"color_36 wixui-rich-text__text\">A la par, ser parte del festival ha permitido a personas de diferentes pa\u00edses conocer M\u00e9xico desde una perspectiva \u00fanica y familiar a la vez. Adem\u00e1s de poder convivir presencialmente con personas con quienes se han relacionado a trav\u00e9s de las redes sociales, nuestro pa\u00eds cuenta con una industria gr\u00e1fica con una oferta como pocas ciudades, permiti\u00e9ndoles producir mercanc\u00eda en diferentes formatos a un precio incre\u00edblemente accesible; ahorr\u00e1ndoles el tener que importar sus productos, para un viaje m\u00e1s barato, c\u00f3modo y seguro.\u00a0<\/span><\/p>\n<\/div>\n<\/div>\n<\/div>","protected":false},"excerpt":{"rendered":"<p>Desde 2018 \u3030\ufe0f Cualquiera puede dibujar. \u3030\ufe0f \ud83d\ude42\u200d\u2195\ufe0f\u270f\ufe0f<br \/>\nHogar de Club Ray\u00f3n, el Tianguis de Dibujo y Festival Ray\u00f3n.<\/p>","protected":false},"author":1,"featured_media":45056,"template":"","meta":{"site-sidebar-layout":"default","site-content-layout":"","ast-site-content-layout":"default","site-content-style":"default","site-sidebar-style":"default","ast-global-header-display":"","ast-banner-title-visibility":"","ast-main-header-display":"","ast-hfb-above-header-display":"","ast-hfb-below-header-display":"","ast-hfb-mobile-header-display":"","site-post-title":"","ast-breadcrumbs-content":"","ast-featured-img":"","footer-sml-layout":"","theme-transparent-header-meta":"default","adv-header-id-meta":"","stick-header-meta":"","header-above-stick-meta":"","header-main-stick-meta":"","header-below-stick-meta":"","astra-migrate-meta-layouts":"set","ast-page-background-enabled":"default","ast-page-background-meta":{"desktop":{"background-color":"var(--ast-global-color-4)","background-image":"","background-repeat":"repeat","background-position":"center center","background-size":"auto","background-attachment":"scroll","background-type":"","background-media":"","overlay-type":"","overlay-color":"","overlay-opacity":"","overlay-gradient":""},"tablet":{"background-color":"","background-image":"","background-repeat":"repeat","background-position":"center center","background-size":"auto","background-attachment":"scroll","background-type":"","background-media":"","overlay-type":"","overlay-color":"","overlay-opacity":"","overlay-gradient":""},"mobile":{"background-color":"","background-image":"","background-repeat":"repeat","background-position":"center center","background-size":"auto","background-attachment":"scroll","background-type":"","background-media":"","overlay-type":"","overlay-color":"","overlay-opacity":"","overlay-gradient":""}},"ast-content-background-meta":{"desktop":{"background-color":"var(--ast-global-color-5)","background-image":"","background-repeat":"repeat","background-position":"center center","background-size":"auto","background-attachment":"scroll","background-type":"","background-media":"","overlay-type":"","overlay-color":"","overlay-opacity":"","overlay-gradient":""},"tablet":{"background-color":"var(--ast-global-color-5)","background-image":"","background-repeat":"repeat","background-position":"center center","background-size":"auto","background-attachment":"scroll","background-type":"","background-media":"","overlay-type":"","overlay-color":"","overlay-opacity":"","overlay-gradient":""},"mobile":{"background-color":"var(--ast-global-color-5)","background-image":"","background-repeat":"repeat","background-position":"center center","background-size":"auto","background-attachment":"scroll","background-type":"","background-media":"","overlay-type":"","overlay-color":"","overlay-opacity":"","overlay-gradient":""}},"b9e7b6d15e5b3662afcbbd8db24d8232_lat":"19.4294376","b9e7b6d15e5b3662afcbbd8db24d8232_lng":"-99.1516283","featured_venue":"","direccion_google_maps":"Bucareli 118, Colonia Centro, Cuauht\u00e9moc, 06000 Ciudad de M\u00e9xico, CDMX"},"etiquetas-del-venue":[1585,1592],"categoria-del-venue":[1541],"ubicacion-del-venue":[1209,1208],"class_list":["post-45055","venues","type-venues","status-publish","has-post-thumbnail","hentry","etiquetas-del-venue-artes-visuales","etiquetas-del-venue-dibujo","categoria-del-venue-festival","ubicacion-del-venue-cdmx","ubicacion-del-venue-mexico"],"_links":{"self":[{"href":"https:\/\/themesh.art\/en\/wp-json\/wp\/v2\/venues\/45055","targetHints":{"allow":["GET"]}}],"collection":[{"href":"https:\/\/themesh.art\/en\/wp-json\/wp\/v2\/venues"}],"about":[{"href":"https:\/\/themesh.art\/en\/wp-json\/wp\/v2\/types\/venues"}],"author":[{"embeddable":true,"href":"https:\/\/themesh.art\/en\/wp-json\/wp\/v2\/users\/1"}],"wp:featuredmedia":[{"embeddable":true,"href":"https:\/\/themesh.art\/en\/wp-json\/wp\/v2\/media\/45056"}],"wp:attachment":[{"href":"https:\/\/themesh.art\/en\/wp-json\/wp\/v2\/media?parent=45055"}],"wp:term":[{"taxonomy":"etiquetas-del-venue","embeddable":true,"href":"https:\/\/themesh.art\/en\/wp-json\/wp\/v2\/etiquetas-del-venue?post=45055"},{"taxonomy":"categoria-del-venue","embeddable":true,"href":"https:\/\/themesh.art\/en\/wp-json\/wp\/v2\/categoria-del-venue?post=45055"},{"taxonomy":"ubicacion-del-venue","embeddable":true,"href":"https:\/\/themesh.art\/en\/wp-json\/wp\/v2\/ubicacion-del-venue?post=45055"}],"curies":[{"name":"wp","href":"https:\/\/api.w.org\/{rel}","templated":true}]}}