{"id":37241,"date":"2025-10-02T13:14:34","date_gmt":"2025-10-02T19:14:34","guid":{"rendered":"https:\/\/themesh.art\/venues\/cecut-centro-cultural-tijuana\/"},"modified":"2025-10-02T13:17:13","modified_gmt":"2025-10-02T19:17:13","slug":"cecut-centro-cultural-tijuana","status":"publish","type":"venues","link":"https:\/\/themesh.art\/en\/venues\/cecut-centro-cultural-tijuana\/","title":{"rendered":"CECUT Centro Cultural Tijuana"},"content":{"rendered":"<p>El CECUT es un centro cultural de M\u00e9xico en la frontera, fundado el 20 de octubre de 1982. Es la instituci\u00f3n que concentra la oferta cultural m\u00e1s amplia y diversa de la regi\u00f3n noroeste, y la \u00fanica infraestructura de la Secretar\u00eda de Cultura, antes Consejo Nacional para la Cultura y las Artes, fuera de la capital del pa\u00eds. Tiene el compromiso de satisfacer las necesidades art\u00edsticas y culturales de esta poblaci\u00f3n, a trav\u00e9s de programas que incluyen diversas manifestaciones art\u00edsticas y temas de la cultura tradicional y contempor\u00e1nea.<\/p>\n<p>Sus instalaciones se integran de la siguiente manera: Domo IMAX, Museo de las Californias, Sala de Espect\u00e1culos, El Cubo (tres salas de est\u00e1ndares internacionales), Salas de Exposiciones Temporales, Cineteca, Acuario, Salones de Ensayo, entre otras. Sumando una superficie de 3.5 hect\u00e1reas, ubicado a dos kil\u00f3metros de la frontera con Estados Unidos, es el s\u00edmbolo de mayor reconocimiento con que se identifica a Tijuana y a los tijuanenses.<\/p>\n<p>Para el plan de trabajo del periodo 2019-2024, con el compromiso que la Cuarta Transformaci\u00f3n de M\u00e9xico exige y en consonancia con el Plan Nacional de Cultura, denominado El Poder de la Cultura, el Centro Cultural Tijuana organismo de la Secretar\u00eda de Cultura del Gobierno de M\u00e9xico brindar\u00e1 un nuevo aliento regional y binacional a la comunidad a trav\u00e9s de un programa permanente de educaci\u00f3n de artes y oficios, enfocado a las comunidades vulnerables, con especial atenci\u00f3n a los pueblos originarios, y a los migrantes. Al mismo tiempo, se conceder\u00e1 especial atenci\u00f3n a los j\u00f3venes, a los adultos mayores, a las personas con discapacidad y a los ni\u00f1os y j\u00f3venes de las zonas m\u00e1s distantes, con la participaci\u00f3n de los artistas, artesanos y promotores culturales comunitarios que el CECUT sumar\u00e1 a estos esfuerzos.<\/p>","protected":false},"excerpt":{"rendered":"<p>El CECUT es un centro cultural de M\u00e9xico en la frontera, fundado el 20 de octubre de 1982. Es la instituci\u00f3n que concentra la oferta cultural m\u00e1s amplia y diversa de la regi\u00f3n noroeste, y la \u00fanica infraestructura de la Secretar\u00eda de Cultura, antes Consejo Nacional para la Cultura y las Artes, fuera de la capital del pa\u00eds. Tiene el compromiso de satisfacer las necesidades art\u00edsticas y culturales de esta poblaci\u00f3n, a trav\u00e9s de programas que incluyen diversas manifestaciones art\u00edsticas y temas de la cultura tradicional y contempor\u00e1nea.<\/p>","protected":false},"author":40,"featured_media":37243,"template":"","meta":{"site-sidebar-layout":"default","site-content-layout":"","ast-site-content-layout":"default","site-content-style":"default","site-sidebar-style":"default","ast-global-header-display":"","ast-banner-title-visibility":"","ast-main-header-display":"","ast-hfb-above-header-display":"","ast-hfb-below-header-display":"","ast-hfb-mobile-header-display":"","site-post-title":"","ast-breadcrumbs-content":"","ast-featured-img":"","footer-sml-layout":"","theme-transparent-header-meta":"default","adv-header-id-meta":"","stick-header-meta":"","header-above-stick-meta":"","header-main-stick-meta":"","header-below-stick-meta":"","astra-migrate-meta-layouts":"set","ast-page-background-enabled":"default","ast-page-background-meta":{"desktop":{"background-color":"var(--ast-global-color-4)","background-image":"","background-repeat":"repeat","background-position":"center center","background-size":"auto","background-attachment":"scroll","background-type":"","background-media":"","overlay-type":"","overlay-color":"","overlay-opacity":"","overlay-gradient":""},"tablet":{"background-color":"","background-image":"","background-repeat":"repeat","background-position":"center center","background-size":"auto","background-attachment":"scroll","background-type":"","background-media":"","overlay-type":"","overlay-color":"","overlay-opacity":"","overlay-gradient":""},"mobile":{"background-color":"","background-image":"","background-repeat":"repeat","background-position":"center center","background-size":"auto","background-attachment":"scroll","background-type":"","background-media":"","overlay-type":"","overlay-color":"","overlay-opacity":"","overlay-gradient":""}},"ast-content-background-meta":{"desktop":{"background-color":"var(--ast-global-color-5)","background-image":"","background-repeat":"repeat","background-position":"center center","background-size":"auto","background-attachment":"scroll","background-type":"","background-media":"","overlay-type":"","overlay-color":"","overlay-opacity":"","overlay-gradient":""},"tablet":{"background-color":"var(--ast-global-color-5)","background-image":"","background-repeat":"repeat","background-position":"center center","background-size":"auto","background-attachment":"scroll","background-type":"","background-media":"","overlay-type":"","overlay-color":"","overlay-opacity":"","overlay-gradient":""},"mobile":{"background-color":"var(--ast-global-color-5)","background-image":"","background-repeat":"repeat","background-position":"center center","background-size":"auto","background-attachment":"scroll","background-type":"","background-media":"","overlay-type":"","overlay-color":"","overlay-opacity":"","overlay-gradient":""}},"b9e7b6d15e5b3662afcbbd8db24d8232_lat":"32.5306452","b9e7b6d15e5b3662afcbbd8db24d8232_lng":"-117.0231344","featured_venue":"","robot_status":"","direccion_google_maps":"P.\u00ba de los H\u00e9roes 9350, Zona Urbana Rio Tijuana, 22010 Tijuana, B.C."},"etiquetas-del-venue":[1604],"categoria-del-venue":[1537],"ubicacion-del-venue":[1208,1565],"class_list":["post-37241","venues","type-venues","status-publish","has-post-thumbnail","hentry","etiquetas-del-venue-literatura","categoria-del-venue-centro-cultural","ubicacion-del-venue-mexico","ubicacion-del-venue-tijuana"],"_links":{"self":[{"href":"https:\/\/themesh.art\/en\/wp-json\/wp\/v2\/venues\/37241","targetHints":{"allow":["GET"]}}],"collection":[{"href":"https:\/\/themesh.art\/en\/wp-json\/wp\/v2\/venues"}],"about":[{"href":"https:\/\/themesh.art\/en\/wp-json\/wp\/v2\/types\/venues"}],"author":[{"embeddable":true,"href":"https:\/\/themesh.art\/en\/wp-json\/wp\/v2\/users\/40"}],"wp:featuredmedia":[{"embeddable":true,"href":"https:\/\/themesh.art\/en\/wp-json\/wp\/v2\/media\/37243"}],"wp:attachment":[{"href":"https:\/\/themesh.art\/en\/wp-json\/wp\/v2\/media?parent=37241"}],"wp:term":[{"taxonomy":"etiquetas-del-venue","embeddable":true,"href":"https:\/\/themesh.art\/en\/wp-json\/wp\/v2\/etiquetas-del-venue?post=37241"},{"taxonomy":"categoria-del-venue","embeddable":true,"href":"https:\/\/themesh.art\/en\/wp-json\/wp\/v2\/categoria-del-venue?post=37241"},{"taxonomy":"ubicacion-del-venue","embeddable":true,"href":"https:\/\/themesh.art\/en\/wp-json\/wp\/v2\/ubicacion-del-venue?post=37241"}],"curies":[{"name":"wp","href":"https:\/\/api.w.org\/{rel}","templated":true}]}}