{"id":33307,"date":"2025-08-26T12:43:01","date_gmt":"2025-08-26T18:43:01","guid":{"rendered":"https:\/\/themesh.art\/venues\/fundacion-ama-amoedo\/"},"modified":"2025-08-26T12:45:46","modified_gmt":"2025-08-26T18:45:46","slug":"fundacion-ama-amoedo","status":"publish","type":"venues","link":"https:\/\/themesh.art\/en\/venues\/fundacion-ama-amoedo\/","title":{"rendered":"Fundaci\u00f3n Ama Amoedo"},"content":{"rendered":"<div class=\"grid_item_inner\">\n<section id=\"mision\">\n<div class=\"text\">\n<p>La Fundaci\u00f3n Ama Amoedo es una organizaci\u00f3n sin fines de lucro concebida con la misi\u00f3n de crear un impacto duradero en el ecosistema del arte contempor\u00e1neo latinoamericano. Nuestro objetivo es fomentar la presencia de artistas de la regi\u00f3n y amplificar su visibilidad en la escena art\u00edstica global.<\/p>\n<p>Con sede en Uruguay, la Fundaci\u00f3n Ama Amoedo se cre\u00f3 en 2021 para formalizar los apoyos que Amoedo ha estado realizando de manera independiente durante m\u00e1s de veinte a\u00f1os como fil\u00e1ntropa, mecenas y coleccionista. Con un enfoque especial en las escenas de Argentina y<br \/>\nUruguay, la Fundaci\u00f3n tiene el inter\u00e9s de incentivar el di\u00e1logo y las conexiones del arte de Am\u00e9rica Latina, el Caribe y la di\u00e1spora.<\/p>\n<p>Focalizada en ampliar el reconocimiento y el valor social del trabajo art\u00edstico, la Fundaci\u00f3n Ama Amoedo ofrece a artistas y agentes culturales diferentes iniciativas para apoyar sus pr\u00e1cticas, como becas, programas y residencias art\u00edsticas con el fin de promover diversas miradas y discursos.<\/p>\n<p>La Fundaci\u00f3n Ama Amoedo tiene un compromiso en profundizar la comprensi\u00f3n del arte latinoamericano y trabajar activamente a trav\u00e9s de alianzas con organizaciones locales e internacionales. Con el fin de potenciar el impacto social y educativo del arte, tambi\u00e9n apoyamos instituciones y exhibiciones que fomentan visiones distintivas y diversas del campo.<\/p>\n<\/div>\n<\/section>\n<\/div>","protected":false},"excerpt":{"rendered":"<p>La Fundaci\u00f3n Ama Amoedo es una organizaci\u00f3n sin fines de lucro concebida con la misi\u00f3n de crear un impacto duradero [&hellip;]<\/p>","protected":false},"author":40,"featured_media":33309,"template":"","meta":{"site-sidebar-layout":"default","site-content-layout":"","ast-site-content-layout":"default","site-content-style":"default","site-sidebar-style":"default","ast-global-header-display":"","ast-banner-title-visibility":"","ast-main-header-display":"","ast-hfb-above-header-display":"","ast-hfb-below-header-display":"","ast-hfb-mobile-header-display":"","site-post-title":"","ast-breadcrumbs-content":"","ast-featured-img":"","footer-sml-layout":"","theme-transparent-header-meta":"default","adv-header-id-meta":"","stick-header-meta":"","header-above-stick-meta":"","header-main-stick-meta":"","header-below-stick-meta":"","astra-migrate-meta-layouts":"set","ast-page-background-enabled":"default","ast-page-background-meta":{"desktop":{"background-color":"var(--ast-global-color-4)","background-image":"","background-repeat":"repeat","background-position":"center center","background-size":"auto","background-attachment":"scroll","background-type":"","background-media":"","overlay-type":"","overlay-color":"","overlay-opacity":"","overlay-gradient":""},"tablet":{"background-color":"","background-image":"","background-repeat":"repeat","background-position":"center center","background-size":"auto","background-attachment":"scroll","background-type":"","background-media":"","overlay-type":"","overlay-color":"","overlay-opacity":"","overlay-gradient":""},"mobile":{"background-color":"","background-image":"","background-repeat":"repeat","background-position":"center center","background-size":"auto","background-attachment":"scroll","background-type":"","background-media":"","overlay-type":"","overlay-color":"","overlay-opacity":"","overlay-gradient":""}},"ast-content-background-meta":{"desktop":{"background-color":"var(--ast-global-color-5)","background-image":"","background-repeat":"repeat","background-position":"center center","background-size":"auto","background-attachment":"scroll","background-type":"","background-media":"","overlay-type":"","overlay-color":"","overlay-opacity":"","overlay-gradient":""},"tablet":{"background-color":"var(--ast-global-color-5)","background-image":"","background-repeat":"repeat","background-position":"center center","background-size":"auto","background-attachment":"scroll","background-type":"","background-media":"","overlay-type":"","overlay-color":"","overlay-opacity":"","overlay-gradient":""},"mobile":{"background-color":"var(--ast-global-color-5)","background-image":"","background-repeat":"repeat","background-position":"center center","background-size":"auto","background-attachment":"scroll","background-type":"","background-media":"","overlay-type":"","overlay-color":"","overlay-opacity":"","overlay-gradient":""}},"b9e7b6d15e5b3662afcbbd8db24d8232_lat":"","b9e7b6d15e5b3662afcbbd8db24d8232_lng":"","featured_venue":"","robot_status":"","direccion_google_maps":""},"etiquetas-del-venue":[2353,1585],"categoria-del-venue":[2057],"ubicacion-del-venue":[2396],"class_list":["post-33307","venues","type-venues","status-publish","has-post-thumbnail","hentry","etiquetas-del-venue-arte-contemporaneo-artes-visuales-2","etiquetas-del-venue-artes-visuales","categoria-del-venue-fundacion","ubicacion-del-venue-uruguay"],"_links":{"self":[{"href":"https:\/\/themesh.art\/en\/wp-json\/wp\/v2\/venues\/33307","targetHints":{"allow":["GET"]}}],"collection":[{"href":"https:\/\/themesh.art\/en\/wp-json\/wp\/v2\/venues"}],"about":[{"href":"https:\/\/themesh.art\/en\/wp-json\/wp\/v2\/types\/venues"}],"author":[{"embeddable":true,"href":"https:\/\/themesh.art\/en\/wp-json\/wp\/v2\/users\/40"}],"wp:featuredmedia":[{"embeddable":true,"href":"https:\/\/themesh.art\/en\/wp-json\/wp\/v2\/media\/33309"}],"wp:attachment":[{"href":"https:\/\/themesh.art\/en\/wp-json\/wp\/v2\/media?parent=33307"}],"wp:term":[{"taxonomy":"etiquetas-del-venue","embeddable":true,"href":"https:\/\/themesh.art\/en\/wp-json\/wp\/v2\/etiquetas-del-venue?post=33307"},{"taxonomy":"categoria-del-venue","embeddable":true,"href":"https:\/\/themesh.art\/en\/wp-json\/wp\/v2\/categoria-del-venue?post=33307"},{"taxonomy":"ubicacion-del-venue","embeddable":true,"href":"https:\/\/themesh.art\/en\/wp-json\/wp\/v2\/ubicacion-del-venue?post=33307"}],"curies":[{"name":"wp","href":"https:\/\/api.w.org\/{rel}","templated":true}]}}