{"id":32999,"date":"2025-08-22T15:33:00","date_gmt":"2025-08-22T21:33:00","guid":{"rendered":"https:\/\/themesh.art\/venues\/museo-de-arte-contemporaneo-de-rosario-macro\/"},"modified":"2025-08-22T15:47:22","modified_gmt":"2025-08-22T21:47:22","slug":"museo-de-arte-contemporaneo-de-rosario-macro","status":"publish","type":"venues","link":"https:\/\/themesh.art\/en\/venues\/museo-de-arte-contemporaneo-de-rosario-macro\/","title":{"rendered":"Museo de Arte Contempor\u00e1neo de Rosario (MACRO)"},"content":{"rendered":"<p>El\u00a0<strong>macro<\/strong> (Museo de arte contempor\u00e1neo de Rosario) fue inaugurado el 16 de noviembre de 2004. Se sit\u00faa en los ex silos Davis, una construcci\u00f3n ubicada a orillas r\u00edo del Paran\u00e1, conformada por ocho cilindros de cemento usados originalmente para<br \/>\nel almacenamiento de granos. La torre de diez pisos, que antiguamente albergaba oficinas cerealeras, hoy se utiliza para exposiciones, dep\u00f3sito de obras, administraci\u00f3n y servicios para el p\u00fablico.<\/p>\n<p>Desde su habilitaci\u00f3n, la pintura exterior del edificio es renovada peri\u00f3dicamente a partir de propuestas seleccionadas en concursos nacionales. La primera vez fue sobre la base de un proyecto perteneciente a la arquitecta Cintia Prieto. La segunda, en 2010, con un dise\u00f1o del trabajador portuario Mart\u00edn Marcos Ag\u00fcero y en 2017 se renov\u00f3 con la propuesta de los arquitectos Ezequiel Dicrist\u00f3faro, Juan Maurino y Maite P\u00e9rez Pereyra.<\/p>\n<p>Las exposiciones, proyectos curatoriales y actividades p\u00fablicas del\u00a0<strong>macro<\/strong> tienen el objetivo de hacer visibles producciones, procesos y circuitos propios de las pr\u00e1cticas art\u00edsticas contempor\u00e1neas, buscando evidenciar las complejidades y derivaciones que subyacen en ellas. El museo busca promover propuestas que profundicen la dimensi\u00f3n federal del arte argentino, entendiendo que el debate sobre las pr\u00e1cticas art\u00edsticas debe asumirse desde una perspectiva multipolar. El\u00a0<strong>macro<\/strong> busca alojar los distintos circuitos de producci\u00f3n y las heterog\u00e9neas est\u00e9ticas del presente con el objetivo de propiciar la construcci\u00f3n de una escena significativa y diversa, que sea\u00a0 sensible a los cambios y transformaciones de las sociedades contempor\u00e1neas.<\/p>","protected":false},"excerpt":{"rendered":"<p>El\u00a0macro (Museo de arte contempor\u00e1neo de Rosario) fue inaugurado el 16 de noviembre de 2004. Se sit\u00faa en los ex [&hellip;]<\/p>","protected":false},"author":40,"featured_media":33001,"template":"","meta":{"site-sidebar-layout":"default","site-content-layout":"","ast-site-content-layout":"default","site-content-style":"default","site-sidebar-style":"default","ast-global-header-display":"","ast-banner-title-visibility":"","ast-main-header-display":"","ast-hfb-above-header-display":"","ast-hfb-below-header-display":"","ast-hfb-mobile-header-display":"","site-post-title":"","ast-breadcrumbs-content":"","ast-featured-img":"","footer-sml-layout":"","theme-transparent-header-meta":"default","adv-header-id-meta":"","stick-header-meta":"","header-above-stick-meta":"","header-main-stick-meta":"","header-below-stick-meta":"","astra-migrate-meta-layouts":"set","ast-page-background-enabled":"default","ast-page-background-meta":{"desktop":{"background-color":"var(--ast-global-color-4)","background-image":"","background-repeat":"repeat","background-position":"center center","background-size":"auto","background-attachment":"scroll","background-type":"","background-media":"","overlay-type":"","overlay-color":"","overlay-opacity":"","overlay-gradient":""},"tablet":{"background-color":"","background-image":"","background-repeat":"repeat","background-position":"center center","background-size":"auto","background-attachment":"scroll","background-type":"","background-media":"","overlay-type":"","overlay-color":"","overlay-opacity":"","overlay-gradient":""},"mobile":{"background-color":"","background-image":"","background-repeat":"repeat","background-position":"center center","background-size":"auto","background-attachment":"scroll","background-type":"","background-media":"","overlay-type":"","overlay-color":"","overlay-opacity":"","overlay-gradient":""}},"ast-content-background-meta":{"desktop":{"background-color":"var(--ast-global-color-5)","background-image":"","background-repeat":"repeat","background-position":"center center","background-size":"auto","background-attachment":"scroll","background-type":"","background-media":"","overlay-type":"","overlay-color":"","overlay-opacity":"","overlay-gradient":""},"tablet":{"background-color":"var(--ast-global-color-5)","background-image":"","background-repeat":"repeat","background-position":"center center","background-size":"auto","background-attachment":"scroll","background-type":"","background-media":"","overlay-type":"","overlay-color":"","overlay-opacity":"","overlay-gradient":""},"mobile":{"background-color":"var(--ast-global-color-5)","background-image":"","background-repeat":"repeat","background-position":"center center","background-size":"auto","background-attachment":"scroll","background-type":"","background-media":"","overlay-type":"","overlay-color":"","overlay-opacity":"","overlay-gradient":""}},"b9e7b6d15e5b3662afcbbd8db24d8232_lat":"-32.9300163","b9e7b6d15e5b3662afcbbd8db24d8232_lng":"-60.6505682","featured_venue":"","direccion_google_maps":"Av. de la Costa Estanislao L\u00f3pez 2250, S2000 Rosario, Santa Fe, Argentina"},"etiquetas-del-venue":[2353,1585],"categoria-del-venue":[1530],"ubicacion-del-venue":[2402],"class_list":["post-32999","venues","type-venues","status-publish","has-post-thumbnail","hentry","etiquetas-del-venue-arte-contemporaneo-artes-visuales-2","etiquetas-del-venue-artes-visuales","categoria-del-venue-museo","ubicacion-del-venue-rosario"],"_links":{"self":[{"href":"https:\/\/themesh.art\/en\/wp-json\/wp\/v2\/venues\/32999","targetHints":{"allow":["GET"]}}],"collection":[{"href":"https:\/\/themesh.art\/en\/wp-json\/wp\/v2\/venues"}],"about":[{"href":"https:\/\/themesh.art\/en\/wp-json\/wp\/v2\/types\/venues"}],"author":[{"embeddable":true,"href":"https:\/\/themesh.art\/en\/wp-json\/wp\/v2\/users\/40"}],"wp:featuredmedia":[{"embeddable":true,"href":"https:\/\/themesh.art\/en\/wp-json\/wp\/v2\/media\/33001"}],"wp:attachment":[{"href":"https:\/\/themesh.art\/en\/wp-json\/wp\/v2\/media?parent=32999"}],"wp:term":[{"taxonomy":"etiquetas-del-venue","embeddable":true,"href":"https:\/\/themesh.art\/en\/wp-json\/wp\/v2\/etiquetas-del-venue?post=32999"},{"taxonomy":"categoria-del-venue","embeddable":true,"href":"https:\/\/themesh.art\/en\/wp-json\/wp\/v2\/categoria-del-venue?post=32999"},{"taxonomy":"ubicacion-del-venue","embeddable":true,"href":"https:\/\/themesh.art\/en\/wp-json\/wp\/v2\/ubicacion-del-venue?post=32999"}],"curies":[{"name":"wp","href":"https:\/\/api.w.org\/{rel}","templated":true}]}}