{"id":24097,"date":"2024-03-29T00:00:00","date_gmt":"2024-03-29T06:00:00","guid":{"rendered":"https:\/\/themesh.art\/venues\/fototeca-de-veracruz\/"},"modified":"2025-05-06T23:38:41","modified_gmt":"2025-05-07T05:38:41","slug":"fototeca-de-veracruz","status":"publish","type":"venues","link":"https:\/\/themesh.art\/en\/venues\/fototeca-de-veracruz\/","title":{"rendered":"Fototeca de Veracruz"},"content":{"rendered":"<p>La Fototeca de Veracruz es un centro cultural vital que se dedica a la conservaci\u00f3n, investigaci\u00f3n y exhibici\u00f3n de la rica historia fotogr\u00e1fica de Veracruz y M\u00e9xico en su conjunto. Ubicada en la ciudad de Veracruz, esta instituci\u00f3n alberga una vasta colecci\u00f3n que abarca desde los primeros d\u00edas de la fotograf\u00eda en el siglo XIX hasta la contemporaneidad, capturando la vida cotidiana, eventos sociales y pol\u00edticos, as\u00ed como paisajes y retratos de figuras destacadas. M\u00e1s all\u00e1 de preservar estas im\u00e1genes, la Fototeca fomenta la investigaci\u00f3n y la educaci\u00f3n a trav\u00e9s de exposiciones, conferencias y talleres, sirviendo como un recurso invaluable para comprender la historia y la identidad cultural de la regi\u00f3n.<\/p>\r\n\r\n\r\n\r\n<p>Con un enfoque en la preservaci\u00f3n y promoci\u00f3n del patrimonio visual de Veracruz, la Fototeca colabora con diversas instituciones culturales y educativas para amplificar su impacto y alcance. Su labor contribuye significativamente a la apreciaci\u00f3n y comprensi\u00f3n del arte fotogr\u00e1fico, no solo como una forma de documentar la historia, sino tambi\u00e9n como una ventana a la diversidad cultural y la memoria colectiva de Veracruz y M\u00e9xico.<\/p>","protected":false},"excerpt":{"rendered":"<p>La Fototeca de Veracruz, en Veracruz, resguarda y difunde uno de los acervos fotogr\u00e1ficos m\u00e1s importantes del pa\u00eds. Con exposiciones, talleres y archivo hist\u00f3rico, es un espacio clave para conocer y reflexionar sobre la fotograf\u00eda en M\u00e9xico.<\/p>","protected":false},"author":1,"featured_media":15526,"template":"","meta":{"site-sidebar-layout":"default","site-content-layout":"","ast-site-content-layout":"default","site-content-style":"default","site-sidebar-style":"default","ast-global-header-display":"","ast-banner-title-visibility":"","ast-main-header-display":"","ast-hfb-above-header-display":"","ast-hfb-below-header-display":"","ast-hfb-mobile-header-display":"","site-post-title":"","ast-breadcrumbs-content":"","ast-featured-img":"","footer-sml-layout":"","theme-transparent-header-meta":"default","adv-header-id-meta":"","stick-header-meta":"","header-above-stick-meta":"","header-main-stick-meta":"","header-below-stick-meta":"","astra-migrate-meta-layouts":"set","ast-page-background-enabled":"default","ast-page-background-meta":{"desktop":{"background-color":"var(--ast-global-color-4)","background-image":"","background-repeat":"repeat","background-position":"center center","background-size":"auto","background-attachment":"scroll","background-type":"","background-media":"","overlay-type":"","overlay-color":"","overlay-opacity":"","overlay-gradient":""},"tablet":{"background-color":"","background-image":"","background-repeat":"repeat","background-position":"center center","background-size":"auto","background-attachment":"scroll","background-type":"","background-media":"","overlay-type":"","overlay-color":"","overlay-opacity":"","overlay-gradient":""},"mobile":{"background-color":"","background-image":"","background-repeat":"repeat","background-position":"center center","background-size":"auto","background-attachment":"scroll","background-type":"","background-media":"","overlay-type":"","overlay-color":"","overlay-opacity":"","overlay-gradient":""}},"ast-content-background-meta":{"desktop":{"background-color":"var(--ast-global-color-5)","background-image":"","background-repeat":"repeat","background-position":"center center","background-size":"auto","background-attachment":"scroll","background-type":"","background-media":"","overlay-type":"","overlay-color":"","overlay-opacity":"","overlay-gradient":""},"tablet":{"background-color":"var(--ast-global-color-5)","background-image":"","background-repeat":"repeat","background-position":"center center","background-size":"auto","background-attachment":"scroll","background-type":"","background-media":"","overlay-type":"","overlay-color":"","overlay-opacity":"","overlay-gradient":""},"mobile":{"background-color":"var(--ast-global-color-5)","background-image":"","background-repeat":"repeat","background-position":"center center","background-size":"auto","background-attachment":"scroll","background-type":"","background-media":"","overlay-type":"","overlay-color":"","overlay-opacity":"","overlay-gradient":""}},"b9e7b6d15e5b3662afcbbd8db24d8232_lat":"19.173773","b9e7b6d15e5b3662afcbbd8db24d8232_lng":"-96.1342241","featured_venue":"","direccion_google_maps":"Callej\u00f3n Portal de Miranda No. 9 Centro hist\u00f3rico, Veracruz, Ver."},"etiquetas-del-venue":[1585,1595,1573,1572,1568,1586],"categoria-del-venue":[1537,1530],"ubicacion-del-venue":[1208,1470],"class_list":["post-24097","venues","type-venues","status-publish","has-post-thumbnail","hentry","etiquetas-del-venue-artes-visuales","etiquetas-del-venue-conferencias","etiquetas-del-venue-cursos","etiquetas-del-venue-educacion","etiquetas-del-venue-exposiciones","etiquetas-del-venue-fotografia","categoria-del-venue-centro-cultural","categoria-del-venue-museo","ubicacion-del-venue-mexico","ubicacion-del-venue-veracruz"],"_links":{"self":[{"href":"https:\/\/themesh.art\/en\/wp-json\/wp\/v2\/venues\/24097","targetHints":{"allow":["GET"]}}],"collection":[{"href":"https:\/\/themesh.art\/en\/wp-json\/wp\/v2\/venues"}],"about":[{"href":"https:\/\/themesh.art\/en\/wp-json\/wp\/v2\/types\/venues"}],"author":[{"embeddable":true,"href":"https:\/\/themesh.art\/en\/wp-json\/wp\/v2\/users\/1"}],"wp:featuredmedia":[{"embeddable":true,"href":"https:\/\/themesh.art\/en\/wp-json\/wp\/v2\/media\/15526"}],"wp:attachment":[{"href":"https:\/\/themesh.art\/en\/wp-json\/wp\/v2\/media?parent=24097"}],"wp:term":[{"taxonomy":"etiquetas-del-venue","embeddable":true,"href":"https:\/\/themesh.art\/en\/wp-json\/wp\/v2\/etiquetas-del-venue?post=24097"},{"taxonomy":"categoria-del-venue","embeddable":true,"href":"https:\/\/themesh.art\/en\/wp-json\/wp\/v2\/categoria-del-venue?post=24097"},{"taxonomy":"ubicacion-del-venue","embeddable":true,"href":"https:\/\/themesh.art\/en\/wp-json\/wp\/v2\/ubicacion-del-venue?post=24097"}],"curies":[{"name":"wp","href":"https:\/\/api.w.org\/{rel}","templated":true}]}}