{"id":49766,"date":"2026-04-27T10:58:18","date_gmt":"2026-04-27T16:58:18","guid":{"rendered":"https:\/\/themesh.art\/eventos\/ecos-de-la-noche-polar-30-anos-de-rock-noruego-en-mexico\/"},"modified":"2026-04-27T10:58:18","modified_gmt":"2026-04-27T16:58:18","slug":"ecos-de-la-noche-polar-30-anos-de-rock-noruego-en-mexico","status":"publish","type":"eventos","link":"https:\/\/themesh.art\/en\/eventos\/ecos-de-la-noche-polar-30-anos-de-rock-noruego-en-mexico\/","title":{"rendered":"Ecos de la noche polar; 30 a\u00f1os de rock noruego en M\u00e9xico"},"content":{"rendered":"<p class=\"ql-align-justify\"><span style=\"background-color: transparent\">M\u00e1s all\u00e1 del registro documental de conciertos y artistas, <\/span><em style=\"background-color: transparent\">Ecos de la noche polar <\/em><span style=\"background-color: transparent\">plantea una lectura sobre la m\u00fasica como espacio de intercambio, afinidad y memoria compartida. El recorrido re\u00fane im\u00e1genes que condensan energ\u00eda esc\u00e9nica, cercan\u00eda con el p\u00fablico y la persistencia de una escena que ha contribuido a fortalecer el v\u00ednculo cultural entre M\u00e9xico y Noruega.<\/span><\/p>\n<p><\/p>\n<p class=\"ql-align-justify\"><span style=\"background-color: transparent\">La exposici\u00f3n se articula a partir de un solo n\u00facleo integrado por 20 fotograf\u00edas impresas en formato r\u00edgido y de un texto de sala introductorio. La selecci\u00f3n fue realizada con base en el acervo de Dilemma, empresa mexicana con tres d\u00e9cadas de experiencia en la gesti\u00f3n y producci\u00f3n de conciertos de artistas internacionales.<\/span><\/p>\n<p class=\"ql-align-justify\"><\/p>\n<p class=\"ql-align-justify\"><span style=\"background-color: transparent\">Las im\u00e1genes de Germ\u00e1n Garc\u00eda \u2014fot\u00f3grafo especializado en m\u00fasica en vivo y colaborador de Dilemma desde 2011\u2014 registran un cuarto de siglo de presentaciones de bandas noruegas en los principales foros mexicanos. En conjunto, estas fotograf\u00edas trazan una historia cultural reciente en la que el rock aparece como una forma de circulaci\u00f3n simb\u00f3lica capaz de activar pertenencias, afectos y nuevas formas de cercan\u00eda entre p\u00fablicos geogr\u00e1ficamente distantes.<\/span><\/p>\n<p><\/p>\n<p><\/p>","protected":false},"excerpt":{"rendered":"<p>Realizada en el marco del 120 aniversario de relaciones diplom\u00e1ticas entre M\u00e9xico y Noruega, la exposici\u00f3n propone un acercamiento a uno de los puentes culturales m\u00e1s significativos entre ambos pa\u00edses en la actualidad: la m\u00fasica. A trav\u00e9s de 20 fotograf\u00edas de Germ\u00e1n Garc\u00eda, la muestra da cuenta de la presencia sostenida del rock noruego en escenarios mexicanos y de la recepci\u00f3n entusiasta que estas propuestas han encontrado entre los p\u00fablicos del pa\u00eds.<\/p>","protected":false},"author":119,"featured_media":0,"template":"","meta":{"site-sidebar-layout":"default","site-content-layout":"","ast-site-content-layout":"","site-content-style":"default","site-sidebar-style":"default","ast-global-header-display":"","ast-banner-title-visibility":"","ast-main-header-display":"","ast-hfb-above-header-display":"","ast-hfb-below-header-display":"","ast-hfb-mobile-header-display":"","site-post-title":"","ast-breadcrumbs-content":"","ast-featured-img":"","footer-sml-layout":"","theme-transparent-header-meta":"","adv-header-id-meta":"","stick-header-meta":"","header-above-stick-meta":"","header-main-stick-meta":"","header-below-stick-meta":"","astra-migrate-meta-layouts":"default","ast-page-background-enabled":"default","ast-page-background-meta":{"desktop":{"background-color":"var(--ast-global-color-4)","background-image":"","background-repeat":"repeat","background-position":"center center","background-size":"auto","background-attachment":"scroll","background-type":"","background-media":"","overlay-type":"","overlay-color":"","overlay-opacity":"","overlay-gradient":""},"tablet":{"background-color":"","background-image":"","background-repeat":"repeat","background-position":"center center","background-size":"auto","background-attachment":"scroll","background-type":"","background-media":"","overlay-type":"","overlay-color":"","overlay-opacity":"","overlay-gradient":""},"mobile":{"background-color":"","background-image":"","background-repeat":"repeat","background-position":"center center","background-size":"auto","background-attachment":"scroll","background-type":"","background-media":"","overlay-type":"","overlay-color":"","overlay-opacity":"","overlay-gradient":""}},"ast-content-background-meta":{"desktop":{"background-color":"var(--ast-global-color-5)","background-image":"","background-repeat":"repeat","background-position":"center center","background-size":"auto","background-attachment":"scroll","background-type":"","background-media":"","overlay-type":"","overlay-color":"","overlay-opacity":"","overlay-gradient":""},"tablet":{"background-color":"var(--ast-global-color-5)","background-image":"","background-repeat":"repeat","background-position":"center center","background-size":"auto","background-attachment":"scroll","background-type":"","background-media":"","overlay-type":"","overlay-color":"","overlay-opacity":"","overlay-gradient":""},"mobile":{"background-color":"var(--ast-global-color-5)","background-image":"","background-repeat":"repeat","background-position":"center center","background-size":"auto","background-attachment":"scroll","background-type":"","background-media":"","overlay-type":"","overlay-color":"","overlay-opacity":"","overlay-gradient":""}},"fecha_de_inicio":1777890600,"fecha_de_finalizacion":1782495000,"duracion_evento":"Por fechas","modalidad":"presencial","tipo_de_acceso":"gratuito","precio_evento":"","link_externo":"","direccion":"Rep\u00fablica del Salvador 47. Centro Hist\u00f3rico. Cuauht\u00e9moc. C.P. 06000","featured_event":""},"etiquetas-de-evento":[506,1637],"ubicacion-de-evento":[479,478],"categoria-de-evento":[1628,1629],"class_list":["post-49766","eventos","type-eventos","status-publish","hentry","etiquetas-de-evento-artes-visuales","etiquetas-de-evento-fotografia","ubicacion-de-evento-cdmx","ubicacion-de-evento-mexico","categoria-de-evento-exposicion","categoria-de-evento-museo-exposicion"],"_links":{"self":[{"href":"https:\/\/themesh.art\/en\/wp-json\/wp\/v2\/eventos\/49766","targetHints":{"allow":["GET"]}}],"collection":[{"href":"https:\/\/themesh.art\/en\/wp-json\/wp\/v2\/eventos"}],"about":[{"href":"https:\/\/themesh.art\/en\/wp-json\/wp\/v2\/types\/eventos"}],"author":[{"embeddable":true,"href":"https:\/\/themesh.art\/en\/wp-json\/wp\/v2\/users\/119"}],"wp:attachment":[{"href":"https:\/\/themesh.art\/en\/wp-json\/wp\/v2\/media?parent=49766"}],"wp:term":[{"taxonomy":"etiquetas-de-evento","embeddable":true,"href":"https:\/\/themesh.art\/en\/wp-json\/wp\/v2\/etiquetas-de-evento?post=49766"},{"taxonomy":"ubicacion-de-evento","embeddable":true,"href":"https:\/\/themesh.art\/en\/wp-json\/wp\/v2\/ubicacion-de-evento?post=49766"},{"taxonomy":"categoria-de-evento","embeddable":true,"href":"https:\/\/themesh.art\/en\/wp-json\/wp\/v2\/categoria-de-evento?post=49766"}],"curies":[{"name":"wp","href":"https:\/\/api.w.org\/{rel}","templated":true}]}}