{"id":28874,"date":"2025-06-16T10:30:56","date_gmt":"2025-06-16T16:30:56","guid":{"rendered":"https:\/\/themesh.art\/?post_type=eventos&#038;p=28874"},"modified":"2025-06-16T10:30:56","modified_gmt":"2025-06-16T16:30:56","slug":"andrea-ferreyra-inmigrante-amateur","status":"publish","type":"eventos","link":"https:\/\/themesh.art\/en\/eventos\/andrea-ferreyra-inmigrante-amateur\/","title":{"rendered":"Andrea Ferreyra: Inmigrante Amateur."},"content":{"rendered":"<p id=\"u13752-5\">Proyecto que cont\u00f3 con el apoyo de Sistema Nacional de Creadores (2019-2022) y que se propone como una reflexi\u00f3n sobre la inmigraci\u00f3n partiendo de la experiencia propia de exilio pol\u00edtico, as\u00ed como la historia de mi t\u00edo bisabuelo, uruguayo que se fue a Espa\u00f1a como brigadista internacional a luchar por la causa republicana.<\/p>\n<p id=\"u13752-7\">Se busc\u00f3 examinar la psicogeograf\u00eda propia que es trazada entre la Ciudad de M\u00e9xico y Montevideo, as\u00ed como la de mi t\u00edo bisabuelo tejida entre Uruguay, Espa\u00f1a, Francia y Austria.<\/p>\n<p id=\"u13752-8\">\n<p id=\"u13752-10\">Inmigrante Amateur tuvo tres salidas:<\/p>\n<p id=\"u13752-11\">\n<p id=\"u13752-16\">&#8211;<span id=\"u13752-13\">Acciones Sonoras<\/span>\u00a0llamadas\u00a0<span id=\"u13752-15\">Partituras Emocionales.<\/span><\/p>\n<p id=\"u13752-17\">\n<p id=\"u13752-21\">&#8211;<span id=\"u13752-19\">Duraci\u00f3n<\/span>\u00a0(1:30:24 min.) con caracter\u00edsticas similares al cine de ensayo en el que est\u00e1n contenidas, de forma breve las acciones sonoras, trayectos, material de archivo y testimonios que, como voces en off, son las protagonistas que configuran la narrativa.<\/p>\n<p id=\"u13752-22\">\n<p id=\"u13752-26\">&#8211;<span id=\"u13752-24\">Bit\u00e1cora<\/span>\u00a0que contiene textos, collages, acuarelas y fotos que son el registro de todo el proceso.<\/p>\n<p id=\"u13752-27\">\n<p id=\"u13752-29\">El video de larga duraci\u00f3n o pel\u00edcula necesit\u00f3 de un periodo de cuatro a\u00f1os para lograr su finalizaci\u00f3n, un a\u00f1o m\u00e1s que el periodo de beca, por lo cual se estar\u00e1 estrenando en 2024.<\/p>\n<p id=\"u13752-30\">\n<p id=\"u13752-33\"><span id=\"u13752-31\">Antecedentes del proyecto<\/span><span id=\"u13752-32\">:<\/span><\/p>\n<p id=\"u13752-36\">Protagonic\u00e9 un exilio pol\u00edtico que me trajo a M\u00e9xico en 1978, a la edad de ocho a\u00f1os; no hab\u00eda abordado este tema en mis propuestas art\u00edsticas pues generalmente \u00e9stas no se hab\u00edan articulado en coordenadas autobiogr\u00e1ficas, al menos no expl\u00edcitamente. Quise profundizar en este aspecto de la mano de los testimonios de mis padres quienes, a trav\u00e9s de compartir su experiencia, como una microhistoria, proyectan tambi\u00e9n la de su generaci\u00f3n; tom\u00e9 conciencia de que ya son mayores y que \u00e9sta era la oportunidad de rescatar su relato que tambi\u00e9n es el de mucha gente.<\/p>\n<p id=\"u13752-37\">\n<p id=\"u13752-39\">Por otro lado, surgi\u00f3 una historia asombrosa que me motiv\u00f3 y abon\u00f3 a estas ideas y a su proceso.<\/p>\n<p id=\"u13752-41\">En un momento de 2014 mi madre se encontr\u00f3, de manera casual, con un art\u00edculo publicado en una gaceta de uruguayos en el que se menciona al \u00fanico uruguayo acaecido en el campo de concentraci\u00f3n Mauthausen en Austria: al leer el nombre y la fecha de nacimiento se da cuenta o bien, intuye que est\u00e1n hablando de su t\u00edo abuelo, aunque el nombre no era correcto del todo: Gaskar Mart\u00ednez Antol\u00edn, nacido el 6 de enero de 1892.<\/p>\n<p id=\"u13752-43\">Ante este descubrimiento mi madre solicita a su hermano en Uruguay que obtuviera el acta de nacimiento y despu\u00e9s le escribi\u00f3 un correo, incluyendo el acta, al embajador de Uruguay en Austria de ese momento, Bruno Faraone, quien le respondi\u00f3 que lo investigar\u00edan.<\/p>\n<p id=\"u13752-46\">Posteriormente mi madre recibi\u00f3 otro correo en el que le comunicaban que despu\u00e9s de cotejar la informaci\u00f3n con las embajadas de Uruguay en Francia y Alemania hab\u00edan confirmado que, en efecto, se trataba de su t\u00edo abuelo: Antol\u00edn Gaspar Mart\u00ednez Delfino.<\/p>\n<p id=\"u13752-49\">El 8 de mayo de ese a\u00f1o y como parte del desfile en el que se presentan respetos y honores a los fallecidos del campo Mauthausen, la embajada hab\u00eda colocado una placa en el Memorial con el nombre que hab\u00eda arrojado una primera investigaci\u00f3n.<\/p>\n<p id=\"u13752-51\">En el correo en el que se confirma la identidad del t\u00edo abuelo de mi madre, el embajador la invita a ser testigo, ya no en un acto oficial, de la sustituci\u00f3n de la placa con el nombre bien escrito.<\/p>\n<p id=\"u13752-54\">As\u00ed fue como viajamos a Viena en octubre de 2014, nos hospedamos en la residencia del embajador, asistimos a la sustituci\u00f3n de la placa y mi madre emprendi\u00f3 la investigaci\u00f3n con el International Tracing Service que posteriormente devel\u00f3 la ruta de Antol\u00edn quien fue brigadista en la guerra civil espa\u00f1ola, cruz\u00f3 a Francia por Barcelona en 1939, lo detuvieron en Gurs, lo liberaron, de ah\u00ed fue a Pas de Calais en donde entr\u00f3 a trabajar en una mina y en octubre de 1940 fue detenido por la Gestapo, llevado, primero a Alemania, luego a Mauthausen y ya, cuando estaba muy mal, trasladado a Gusen en donde muri\u00f3 en febrero de 1941.<\/p>\n<p id=\"u13752-57\">Toda esta experiencia fue muy fuerte y decid\u00ed abordarla en conjunto con el inter\u00e9s que ya se hab\u00eda manifestado por reflexionar sobre la condici\u00f3n de inmigrante en la que el proceso de adaptaci\u00f3n a un nuevo entorno exige plantarse primero como observador, alguien separado de la realidad en la que al mismo tiempo est\u00e1 inmerso.<\/p>\n<p id=\"u13752-60\">Por otra parte, existe el v\u00ednculo ideol\u00f3gico, si bien con matices: mis padres se exiliaron pues pertenec\u00edan al Partido Comunista y en plena dictadura militar en Uruguay, ya eran muchos los compa\u00f1eros que hab\u00edan sido apresados, desaparecidos o estaban en clandestinidad; ellos eran los pr\u00f3ximos, por tanto: hab\u00eda que irse.<\/p>\n<p id=\"u13752-62\">Antol\u00edn, seg\u00fan arroj\u00f3 la investigaci\u00f3n que se hizo, no era comunista o socialista, era antifascista, nacido en Uruguay, de padre espa\u00f1ol, se ofreci\u00f3 de voluntario como brigadista internacional, muchos extranjeros como \u00e9l fueron a Espa\u00f1a a luchar por la II Rep\u00fablica desde esta filiaci\u00f3n u otras; lo que estaba claro era el avance del fascismo en Europa y la lucha contra \u00e9ste aglutin\u00f3 diversas corrientes y posturas pol\u00edticas e ideol\u00f3gicas. Lo que tambi\u00e9n est\u00e1 claro es que Antol\u00edn, como muchos otros, sab\u00edan que probablemente estaban caminando hacia su muerte.<\/p>\n<p>&nbsp;<\/p>","protected":false},"excerpt":{"rendered":"<p>Proyecto que cont\u00f3 con el apoyo de Sistema Nacional de Creadores (2019-2022) y que se propone como una reflexi\u00f3n sobre [&hellip;]<\/p>","protected":false},"author":1,"featured_media":28875,"template":"","meta":{"site-sidebar-layout":"default","site-content-layout":"","ast-site-content-layout":"default","site-content-style":"default","site-sidebar-style":"default","ast-global-header-display":"","ast-banner-title-visibility":"","ast-main-header-display":"","ast-hfb-above-header-display":"","ast-hfb-below-header-display":"","ast-hfb-mobile-header-display":"","site-post-title":"","ast-breadcrumbs-content":"","ast-featured-img":"","footer-sml-layout":"","theme-transparent-header-meta":"default","adv-header-id-meta":"","stick-header-meta":"","header-above-stick-meta":"","header-main-stick-meta":"","header-below-stick-meta":"","astra-migrate-meta-layouts":"set","ast-page-background-enabled":"default","ast-page-background-meta":{"desktop":{"background-color":"var(--ast-global-color-4)","background-image":"","background-repeat":"repeat","background-position":"center center","background-size":"auto","background-attachment":"scroll","background-type":"","background-media":"","overlay-type":"","overlay-color":"","overlay-opacity":"","overlay-gradient":""},"tablet":{"background-color":"","background-image":"","background-repeat":"repeat","background-position":"center center","background-size":"auto","background-attachment":"scroll","background-type":"","background-media":"","overlay-type":"","overlay-color":"","overlay-opacity":"","overlay-gradient":""},"mobile":{"background-color":"","background-image":"","background-repeat":"repeat","background-position":"center center","background-size":"auto","background-attachment":"scroll","background-type":"","background-media":"","overlay-type":"","overlay-color":"","overlay-opacity":"","overlay-gradient":""}},"ast-content-background-meta":{"desktop":{"background-color":"var(--ast-global-color-5)","background-image":"","background-repeat":"repeat","background-position":"center center","background-size":"auto","background-attachment":"scroll","background-type":"","background-media":"","overlay-type":"","overlay-color":"","overlay-opacity":"","overlay-gradient":""},"tablet":{"background-color":"var(--ast-global-color-5)","background-image":"","background-repeat":"repeat","background-position":"center center","background-size":"auto","background-attachment":"scroll","background-type":"","background-media":"","overlay-type":"","overlay-color":"","overlay-opacity":"","overlay-gradient":""},"mobile":{"background-color":"var(--ast-global-color-5)","background-image":"","background-repeat":"repeat","background-position":"center center","background-size":"auto","background-attachment":"scroll","background-type":"","background-media":"","overlay-type":"","overlay-color":"","overlay-opacity":"","overlay-gradient":""}},"fecha_de_inicio":1750532400,"fecha_de_finalizacion":1757271600,"duracion_evento":"","modalidad":"presencial","tipo_de_acceso":"gratuito","precio_evento":"","link_externo":"","direccion":"Calle Vicente Guerrero Nte. 27, Centro, 76000 Santiago de Quer\u00e9taro, Qro.","featured_event":""},"etiquetas-de-evento":[506],"ubicacion-de-evento":[478,510],"categoria-de-evento":[1628,1629],"class_list":["post-28874","eventos","type-eventos","status-publish","has-post-thumbnail","hentry","etiquetas-de-evento-artes-visuales","ubicacion-de-evento-mexico","ubicacion-de-evento-queretaro","categoria-de-evento-exposicion","categoria-de-evento-museo-exposicion"],"_links":{"self":[{"href":"https:\/\/themesh.art\/en\/wp-json\/wp\/v2\/eventos\/28874","targetHints":{"allow":["GET"]}}],"collection":[{"href":"https:\/\/themesh.art\/en\/wp-json\/wp\/v2\/eventos"}],"about":[{"href":"https:\/\/themesh.art\/en\/wp-json\/wp\/v2\/types\/eventos"}],"author":[{"embeddable":true,"href":"https:\/\/themesh.art\/en\/wp-json\/wp\/v2\/users\/1"}],"wp:featuredmedia":[{"embeddable":true,"href":"https:\/\/themesh.art\/en\/wp-json\/wp\/v2\/media\/28875"}],"wp:attachment":[{"href":"https:\/\/themesh.art\/en\/wp-json\/wp\/v2\/media?parent=28874"}],"wp:term":[{"taxonomy":"etiquetas-de-evento","embeddable":true,"href":"https:\/\/themesh.art\/en\/wp-json\/wp\/v2\/etiquetas-de-evento?post=28874"},{"taxonomy":"ubicacion-de-evento","embeddable":true,"href":"https:\/\/themesh.art\/en\/wp-json\/wp\/v2\/ubicacion-de-evento?post=28874"},{"taxonomy":"categoria-de-evento","embeddable":true,"href":"https:\/\/themesh.art\/en\/wp-json\/wp\/v2\/categoria-de-evento?post=28874"}],"curies":[{"name":"wp","href":"https:\/\/api.w.org\/{rel}","templated":true}]}}