{"id":27685,"date":"2025-05-14T13:59:28","date_gmt":"2025-05-14T19:59:28","guid":{"rendered":"https:\/\/themesh.art\/?post_type=eventos&#038;p=27685"},"modified":"2025-05-14T19:26:10","modified_gmt":"2025-05-15T01:26:10","slug":"elcotidianometalico","status":"publish","type":"eventos","link":"https:\/\/themesh.art\/en\/eventos\/elcotidianometalico\/","title":{"rendered":"Diego Afro: &#8220;El cotidiano met\u00e1lico&#8221;"},"content":{"rendered":"<p class=\"\" data-start=\"1418\" data-end=\"1806\"><strong data-start=\"1418\" data-end=\"1443\">El cotidiano met\u00e1lico<\/strong> es una celebraci\u00f3n visual de la identidad y la cotidianidad mexicana. A trav\u00e9s de s\u00edmbolos poderosos y composiciones vibrantes, Diego Afro transforma elementos del d\u00eda a d\u00eda en obras que invitan al di\u00e1logo entre lo tradicional y lo urbano. Esta exposici\u00f3n es una oportunidad \u00fanica para acercarse a la fusi\u00f3n entre arte, cultura popular y expresi\u00f3n contempor\u00e1nea.<\/p>\n<h3 class=\"\" data-start=\"711\" data-end=\"742\"><\/h3>\n<p class=\"\" data-start=\"744\" data-end=\"1225\"><strong data-start=\"744\" data-end=\"758\">Diego Afro<\/strong> es un artista pl\u00e1stico mexicano, DJ y bailar\u00edn de breaking con m\u00e1s de 14 a\u00f1os de trayectoria. Egresado de la Universidad Aut\u00f3noma de Quer\u00e9taro, se especializa en pintura, muralismo y escultura. Su obra retrata la vida cotidiana y temas sociales, fusionando el folclore mexicano con la cultura del hip hop. Su enfoque naturalista y su capacidad para celebrar la identidad mexicana lo han posicionado como una de las voces relevantes del arte contempor\u00e1neo nacional.<\/p>\n<p class=\"\" data-start=\"1227\" data-end=\"1373\">Su trabajo invita a reflexionar sobre qui\u00e9nes somos y c\u00f3mo reconfiguramos nuestra identidad cultural a trav\u00e9s de la transformaci\u00f3n y la tradici\u00f3n.<\/p>\n<p class=\"\" data-start=\"221\" data-end=\"260\"><strong data-start=\"221\" data-end=\"232\">Inicio:<\/strong> Jueves 22 de mayo de 2025<\/p>\n<p class=\"\" data-start=\"262\" data-end=\"309\"><strong data-start=\"262\" data-end=\"279\">Finalizaci\u00f3n:<\/strong> Viernes 18 de julio de 2025<\/p>\n<p class=\"\" data-start=\"311\" data-end=\"363\"><strong data-start=\"311\" data-end=\"329\">Organizadores:<\/strong> Impulso Galer\u00eda, Collective Art<\/p>\n<p class=\"\" data-start=\"365\" data-end=\"443\"><strong data-start=\"365\" data-end=\"383\">Colaboradores:<\/strong> Arte Berraco, Tiny Bastards, 360 Spray Paint, Omega Sayer<\/p>\n<p class=\"\" data-start=\"445\" data-end=\"547\"><strong data-start=\"445\" data-end=\"459\">Direcci\u00f3n:<\/strong> Hacienda Escol\u00e1sticas 107, Jardines de la Hacienda, 76180 Santiago de Quer\u00e9taro, Qro.<\/p>\n<p class=\"\" data-start=\"638\" data-end=\"704\"><strong data-start=\"638\" data-end=\"662\">Registro \/ Contacto:<\/strong> (+52) 442 205 9611 | impulsogaleria.com<\/p>\n<h3 class=\"\" data-start=\"1380\" data-end=\"1416\"><\/h3>","protected":false},"excerpt":{"rendered":"<p>El cotidiano met\u00e1lico es una celebraci\u00f3n visual de la identidad y la cotidianidad mexicana. A trav\u00e9s de s\u00edmbolos poderosos y [&hellip;]<\/p>","protected":false},"author":1,"featured_media":27686,"template":"","meta":{"site-sidebar-layout":"default","site-content-layout":"","ast-site-content-layout":"default","site-content-style":"default","site-sidebar-style":"default","ast-global-header-display":"","ast-banner-title-visibility":"","ast-main-header-display":"","ast-hfb-above-header-display":"","ast-hfb-below-header-display":"","ast-hfb-mobile-header-display":"","site-post-title":"","ast-breadcrumbs-content":"","ast-featured-img":"","footer-sml-layout":"","theme-transparent-header-meta":"default","adv-header-id-meta":"","stick-header-meta":"","header-above-stick-meta":"","header-main-stick-meta":"","header-below-stick-meta":"","astra-migrate-meta-layouts":"set","ast-page-background-enabled":"default","ast-page-background-meta":{"desktop":{"background-color":"var(--ast-global-color-4)","background-image":"","background-repeat":"repeat","background-position":"center center","background-size":"auto","background-attachment":"scroll","background-type":"","background-media":"","overlay-type":"","overlay-color":"","overlay-opacity":"","overlay-gradient":""},"tablet":{"background-color":"","background-image":"","background-repeat":"repeat","background-position":"center center","background-size":"auto","background-attachment":"scroll","background-type":"","background-media":"","overlay-type":"","overlay-color":"","overlay-opacity":"","overlay-gradient":""},"mobile":{"background-color":"","background-image":"","background-repeat":"repeat","background-position":"center center","background-size":"auto","background-attachment":"scroll","background-type":"","background-media":"","overlay-type":"","overlay-color":"","overlay-opacity":"","overlay-gradient":""}},"ast-content-background-meta":{"desktop":{"background-color":"var(--ast-global-color-5)","background-image":"","background-repeat":"repeat","background-position":"center center","background-size":"auto","background-attachment":"scroll","background-type":"","background-media":"","overlay-type":"","overlay-color":"","overlay-opacity":"","overlay-gradient":""},"tablet":{"background-color":"var(--ast-global-color-5)","background-image":"","background-repeat":"repeat","background-position":"center center","background-size":"auto","background-attachment":"scroll","background-type":"","background-media":"","overlay-type":"","overlay-color":"","overlay-opacity":"","overlay-gradient":""},"mobile":{"background-color":"var(--ast-global-color-5)","background-image":"","background-repeat":"repeat","background-position":"center center","background-size":"auto","background-attachment":"scroll","background-type":"","background-media":"","overlay-type":"","overlay-color":"","overlay-opacity":"","overlay-gradient":""}},"fecha_de_inicio":1747938600,"fecha_de_finalizacion":1752865200,"duracion_evento":"","modalidad":"","tipo_de_acceso":"","precio_evento":"","link_externo":"","direccion":"Hacienda Escol\u00e1sticas 107, Jardines de la Hacienda, 76180 Santiago de Quer\u00e9taro, Qro.","featured_event":""},"etiquetas-de-evento":[506],"ubicacion-de-evento":[478,510],"categoria-de-evento":[1628,1631],"class_list":["post-27685","eventos","type-eventos","status-publish","has-post-thumbnail","hentry","etiquetas-de-evento-artes-visuales","ubicacion-de-evento-mexico","ubicacion-de-evento-queretaro","categoria-de-evento-exposicion","categoria-de-evento-galeria-exposicion"],"_links":{"self":[{"href":"https:\/\/themesh.art\/en\/wp-json\/wp\/v2\/eventos\/27685","targetHints":{"allow":["GET"]}}],"collection":[{"href":"https:\/\/themesh.art\/en\/wp-json\/wp\/v2\/eventos"}],"about":[{"href":"https:\/\/themesh.art\/en\/wp-json\/wp\/v2\/types\/eventos"}],"author":[{"embeddable":true,"href":"https:\/\/themesh.art\/en\/wp-json\/wp\/v2\/users\/1"}],"wp:featuredmedia":[{"embeddable":true,"href":"https:\/\/themesh.art\/en\/wp-json\/wp\/v2\/media\/27686"}],"wp:attachment":[{"href":"https:\/\/themesh.art\/en\/wp-json\/wp\/v2\/media?parent=27685"}],"wp:term":[{"taxonomy":"etiquetas-de-evento","embeddable":true,"href":"https:\/\/themesh.art\/en\/wp-json\/wp\/v2\/etiquetas-de-evento?post=27685"},{"taxonomy":"ubicacion-de-evento","embeddable":true,"href":"https:\/\/themesh.art\/en\/wp-json\/wp\/v2\/ubicacion-de-evento?post=27685"},{"taxonomy":"categoria-de-evento","embeddable":true,"href":"https:\/\/themesh.art\/en\/wp-json\/wp\/v2\/categoria-de-evento?post=27685"}],"curies":[{"name":"wp","href":"https:\/\/api.w.org\/{rel}","templated":true}]}}