{"id":27637,"date":"2025-05-11T14:32:21","date_gmt":"2025-05-11T20:32:21","guid":{"rendered":"https:\/\/themesh.art\/eventos\/entre-opuestos\/"},"modified":"2025-05-12T13:42:56","modified_gmt":"2025-05-12T19:42:56","slug":"entre-opuestos","status":"publish","type":"eventos","link":"https:\/\/themesh.art\/en\/eventos\/entre-opuestos\/","title":{"rendered":"Ana Thiel: Entre Opuestos"},"content":{"rendered":"<div align=\"right\">\n<p>&#8220;Yo soy la dualidad que hay en mi adentro;<br \/>\nel bien y el mal del fiel de mi balanza,<br \/>\nyo soy mi periferia y soy mi centro,<br \/>\nsoy la lucha de mi ira y mi templanza&#8221;.<br \/>\n&#8211; Jos\u00e9 Cruz Sainz<\/p>\n<\/div>\n<p>&nbsp;<\/p>\n<p>La dualidad es, sin duda, uno de los temas paradigm\u00e1ticos en la historia del arte, el pensamiento, la espiritualidad y la cultura; uno de los temas que retornan peri\u00f3dicamente al centro de nuestro inter\u00e9s existencial, filos\u00f3fico, est\u00e9tico y art\u00edstico, porque son inagotables: comprometen nuestro ser de manera \u00edntegra y requieren de una renovada perspectiva en cada \u00e9poca y en cada individuo.<\/p>\n<p>El arte, a semejanza de la filosof\u00eda, vuelve a plantear una y otra vez las mismas preguntas y temas, pero nunca las resuelve de la misma manera: el fondo experiencial de cada artista y cada pensador fija un rumbo y una senda transitable s\u00f3lo por \u00e9l. Pueden invitar a otros a ser compa\u00f1eros de viaje, por supuesto, a ser testigos de sus personales virajes, e incluso a apropiarse del cuestionamiento por su propio derecho, pero el andar de cada quien desembocar\u00e1 en parajes y conclusiones peculiares.<\/p>\n<p>Ana Thiel aborda el tema a trav\u00e9s de dos grandes instalaciones en sendas salas del MAQRO; aunque, m\u00e1s que instalaciones, se antojan propiamente como componentes de un rito m\u00e1gico que inaugura dos espacios c\u00f3smicos, que invoca esa dualidad que a todos nos define: un lado luminoso y propicio, y otro oscuro, misterioso e inquietante. A trav\u00e9s de un juego de luz y penumbra, de ocultaci\u00f3n y develaci\u00f3n, Ana Thiel nos convoca para volvernos a plantear el problema de lo uno en lo diverso, del todo y la parte: el drama de lo dual y sus fascinantes avatares.<\/p>\n<p>Artista especializada en el arduo trabajo del fuego, el cristal, la roca y las arenas, Ana Thiel ejerce un poder casi cham\u00e1nico, poco usual en el arte de nuestros d\u00edas. En sus manos los elementos danzan y crean obras, c\u00edrculos, \u00f3rbitas, espacios, ambientes, ocultaciones y apariciones, incluso sonidos y reverberaciones: como el Demiurgo plat\u00f3nico del Timeo, ella introduce la armon\u00eda en la materia informe del cosmos y rinde obras de gran poder expresivo y de vasta profundidad conceptual.<\/p>\n<p>Museo de Arte de Quer\u00e9taro (MAQRO) ofrece al p\u00fablico esta interesante y expresiva muestra y se congratula de albergar las obras de Ana Thiel, una creadora que, asimismo, jug\u00f3 un papel fundamental en la conformaci\u00f3n de esta instituci\u00f3n en sus inicios, al final de la d\u00e9cada de los 80\u2019s. Esperamos que sea del agrado del p\u00fablico.<\/p>\n<p>Jos\u00e9 Mar\u00eda Guadalupe Cabrera Hern\u00e1ndez<br \/>\nMuse\u00f3grafo<br \/>\nMAQRO<\/p>\n<p>&nbsp;<\/p>\n<p><strong>La Artista<\/strong><\/p>\n<p>\u201cAna Thiel cuestiona el futuro de la humanidad, nuestra presencia en el mundo y nuestra relaci\u00f3n con el entorno. Su obra se basa en un di\u00e1logo constante entre la naturaleza, la cultura y la humanidad.\u201d Katell Palix, curadora del Museo MusVerre, Francia.<\/p>\n<p>Combinando sus conocimientos de Dise\u00f1o Industrial con a\u00f1os de experiencia en vidrio y t\u00e9cnicas mixtas, tambi\u00e9n crea obras por encargo para espacios espec\u00edficos. Conjuntamente a su actividad art\u00edstica, ha presidido y formado parte de mesas directivas de asociaciones y museos de arte. Imparte cursos y conferencias sobre arte, creatividad y escultura en congresos, simposios, universidades e instituciones culturales alrededor del mundo.<\/p>\n<p>AnaThiel.art<\/p>","protected":false},"excerpt":{"rendered":"<p>&#8220;Yo soy la dualidad que hay en mi adentro; el bien y el mal del fiel de mi balanza, yo [&hellip;]<\/p>","protected":false},"author":1,"featured_media":27640,"template":"","meta":{"site-sidebar-layout":"default","site-content-layout":"","ast-site-content-layout":"default","site-content-style":"default","site-sidebar-style":"default","ast-global-header-display":"","ast-banner-title-visibility":"","ast-main-header-display":"","ast-hfb-above-header-display":"","ast-hfb-below-header-display":"","ast-hfb-mobile-header-display":"","site-post-title":"","ast-breadcrumbs-content":"","ast-featured-img":"","footer-sml-layout":"","theme-transparent-header-meta":"default","adv-header-id-meta":"","stick-header-meta":"","header-above-stick-meta":"","header-main-stick-meta":"","header-below-stick-meta":"","astra-migrate-meta-layouts":"set","ast-page-background-enabled":"default","ast-page-background-meta":{"desktop":{"background-color":"var(--ast-global-color-4)","background-image":"","background-repeat":"repeat","background-position":"center center","background-size":"auto","background-attachment":"scroll","background-type":"","background-media":"","overlay-type":"","overlay-color":"","overlay-opacity":"","overlay-gradient":""},"tablet":{"background-color":"","background-image":"","background-repeat":"repeat","background-position":"center center","background-size":"auto","background-attachment":"scroll","background-type":"","background-media":"","overlay-type":"","overlay-color":"","overlay-opacity":"","overlay-gradient":""},"mobile":{"background-color":"","background-image":"","background-repeat":"repeat","background-position":"center center","background-size":"auto","background-attachment":"scroll","background-type":"","background-media":"","overlay-type":"","overlay-color":"","overlay-opacity":"","overlay-gradient":""}},"ast-content-background-meta":{"desktop":{"background-color":"var(--ast-global-color-5)","background-image":"","background-repeat":"repeat","background-position":"center center","background-size":"auto","background-attachment":"scroll","background-type":"","background-media":"","overlay-type":"","overlay-color":"","overlay-opacity":"","overlay-gradient":""},"tablet":{"background-color":"var(--ast-global-color-5)","background-image":"","background-repeat":"repeat","background-position":"center center","background-size":"auto","background-attachment":"scroll","background-type":"","background-media":"","overlay-type":"","overlay-color":"","overlay-opacity":"","overlay-gradient":""},"mobile":{"background-color":"var(--ast-global-color-5)","background-image":"","background-repeat":"repeat","background-position":"center center","background-size":"auto","background-attachment":"scroll","background-type":"","background-media":"","overlay-type":"","overlay-color":"","overlay-opacity":"","overlay-gradient":""}},"fecha_de_inicio":1747423800,"fecha_de_finalizacion":1751817600,"duracion_evento":"","modalidad":"","tipo_de_acceso":"","precio_evento":"","link_externo":"","direccion":"MAQRO, C. Ignacio Allende Sur 14, Centro, 76000 Santiago de Quer\u00e9taro, Qro.","featured_event":""},"etiquetas-de-evento":[506],"ubicacion-de-evento":[478,510],"categoria-de-evento":[1628,1629],"class_list":["post-27637","eventos","type-eventos","status-publish","has-post-thumbnail","hentry","etiquetas-de-evento-artes-visuales","ubicacion-de-evento-mexico","ubicacion-de-evento-queretaro","categoria-de-evento-exposicion","categoria-de-evento-museo-exposicion"],"_links":{"self":[{"href":"https:\/\/themesh.art\/en\/wp-json\/wp\/v2\/eventos\/27637","targetHints":{"allow":["GET"]}}],"collection":[{"href":"https:\/\/themesh.art\/en\/wp-json\/wp\/v2\/eventos"}],"about":[{"href":"https:\/\/themesh.art\/en\/wp-json\/wp\/v2\/types\/eventos"}],"author":[{"embeddable":true,"href":"https:\/\/themesh.art\/en\/wp-json\/wp\/v2\/users\/1"}],"wp:featuredmedia":[{"embeddable":true,"href":"https:\/\/themesh.art\/en\/wp-json\/wp\/v2\/media\/27640"}],"wp:attachment":[{"href":"https:\/\/themesh.art\/en\/wp-json\/wp\/v2\/media?parent=27637"}],"wp:term":[{"taxonomy":"etiquetas-de-evento","embeddable":true,"href":"https:\/\/themesh.art\/en\/wp-json\/wp\/v2\/etiquetas-de-evento?post=27637"},{"taxonomy":"ubicacion-de-evento","embeddable":true,"href":"https:\/\/themesh.art\/en\/wp-json\/wp\/v2\/ubicacion-de-evento?post=27637"},{"taxonomy":"categoria-de-evento","embeddable":true,"href":"https:\/\/themesh.art\/en\/wp-json\/wp\/v2\/categoria-de-evento?post=27637"}],"curies":[{"name":"wp","href":"https:\/\/api.w.org\/{rel}","templated":true}]}}