{"id":26891,"date":"2025-03-31T12:41:04","date_gmt":"2025-03-31T18:41:04","guid":{"rendered":"https:\/\/themesh.art\/?post_type=eventos&#038;p=26891"},"modified":"2025-06-23T14:59:04","modified_gmt":"2025-06-23T20:59:04","slug":"kazyua-sakai-ondulaciones","status":"publish","type":"eventos","link":"https:\/\/themesh.art\/en\/eventos\/kazyua-sakai-ondulaciones\/","title":{"rendered":"Kazyua Sakai. Ondulaciones."},"content":{"rendered":"<p>La presente muestra genera un ambiente especial para la apreciaci\u00f3n de un conjunto de pinturas que forman parte de una amplia serie que Kazuya Sakai produjo en 1976 bajo el t\u00edtulo de Ondulaciones, exhibidas ese a\u00f1o en la exposici\u00f3n: Pinturas. Ondulaciones crom\u00e1ticas y simult\u00e1neas.<\/p>\r\n\r\n\r\n\r\n<p>Curadur\u00eda: Equipo MAM<\/p>\r\n\r\n\r\n\r\n<p>De 20\/marzo\/2025 hasta 15\/junio\/2025<\/p>\r\n\r\n\r\n\r\n<p>Sala Gamboa<\/p>","protected":false},"excerpt":{"rendered":"<p>La presente muestra genera un ambiente especial para la apreciaci\u00f3n de un conjunto de pinturas que forman parte de una [&hellip;]<\/p>","protected":false},"author":1,"featured_media":26892,"template":"","meta":{"site-sidebar-layout":"default","site-content-layout":"","ast-site-content-layout":"default","site-content-style":"default","site-sidebar-style":"default","ast-global-header-display":"","ast-banner-title-visibility":"","ast-main-header-display":"","ast-hfb-above-header-display":"","ast-hfb-below-header-display":"","ast-hfb-mobile-header-display":"","site-post-title":"","ast-breadcrumbs-content":"","ast-featured-img":"","footer-sml-layout":"","theme-transparent-header-meta":"default","adv-header-id-meta":"","stick-header-meta":"","header-above-stick-meta":"","header-main-stick-meta":"","header-below-stick-meta":"","astra-migrate-meta-layouts":"set","ast-page-background-enabled":"default","ast-page-background-meta":{"desktop":{"background-color":"var(--ast-global-color-4)","background-image":"","background-repeat":"repeat","background-position":"center center","background-size":"auto","background-attachment":"scroll","background-type":"","background-media":"","overlay-type":"","overlay-color":"","overlay-opacity":"","overlay-gradient":""},"tablet":{"background-color":"","background-image":"","background-repeat":"repeat","background-position":"center center","background-size":"auto","background-attachment":"scroll","background-type":"","background-media":"","overlay-type":"","overlay-color":"","overlay-opacity":"","overlay-gradient":""},"mobile":{"background-color":"","background-image":"","background-repeat":"repeat","background-position":"center center","background-size":"auto","background-attachment":"scroll","background-type":"","background-media":"","overlay-type":"","overlay-color":"","overlay-opacity":"","overlay-gradient":""}},"ast-content-background-meta":{"desktop":{"background-color":"var(--ast-global-color-5)","background-image":"","background-repeat":"repeat","background-position":"center center","background-size":"auto","background-attachment":"scroll","background-type":"","background-media":"","overlay-type":"","overlay-color":"","overlay-opacity":"","overlay-gradient":""},"tablet":{"background-color":"var(--ast-global-color-5)","background-image":"","background-repeat":"repeat","background-position":"center center","background-size":"auto","background-attachment":"scroll","background-type":"","background-media":"","overlay-type":"","overlay-color":"","overlay-opacity":"","overlay-gradient":""},"mobile":{"background-color":"var(--ast-global-color-5)","background-image":"","background-repeat":"repeat","background-position":"center center","background-size":"auto","background-attachment":"scroll","background-type":"","background-media":"","overlay-type":"","overlay-color":"","overlay-opacity":"","overlay-gradient":""}},"featured_event":"","duracion_evento":""},"etiquetas-de-evento":[506],"ubicacion-de-evento":[479,478],"categoria-de-evento":[1628,1629],"class_list":["post-26891","eventos","type-eventos","status-publish","has-post-thumbnail","hentry","etiquetas-de-evento-artes-visuales","ubicacion-de-evento-cdmx","ubicacion-de-evento-mexico","categoria-de-evento-exposicion","categoria-de-evento-museo-exposicion"],"_links":{"self":[{"href":"https:\/\/themesh.art\/en\/wp-json\/wp\/v2\/eventos\/26891","targetHints":{"allow":["GET"]}}],"collection":[{"href":"https:\/\/themesh.art\/en\/wp-json\/wp\/v2\/eventos"}],"about":[{"href":"https:\/\/themesh.art\/en\/wp-json\/wp\/v2\/types\/eventos"}],"author":[{"embeddable":true,"href":"https:\/\/themesh.art\/en\/wp-json\/wp\/v2\/users\/1"}],"wp:featuredmedia":[{"embeddable":true,"href":"https:\/\/themesh.art\/en\/wp-json\/wp\/v2\/media\/26892"}],"wp:attachment":[{"href":"https:\/\/themesh.art\/en\/wp-json\/wp\/v2\/media?parent=26891"}],"wp:term":[{"taxonomy":"etiquetas-de-evento","embeddable":true,"href":"https:\/\/themesh.art\/en\/wp-json\/wp\/v2\/etiquetas-de-evento?post=26891"},{"taxonomy":"ubicacion-de-evento","embeddable":true,"href":"https:\/\/themesh.art\/en\/wp-json\/wp\/v2\/ubicacion-de-evento?post=26891"},{"taxonomy":"categoria-de-evento","embeddable":true,"href":"https:\/\/themesh.art\/en\/wp-json\/wp\/v2\/categoria-de-evento?post=26891"}],"curies":[{"name":"wp","href":"https:\/\/api.w.org\/{rel}","templated":true}]}}