{"id":25637,"date":"2025-01-18T22:46:48","date_gmt":"2025-01-19T04:46:48","guid":{"rendered":"https:\/\/themesh.art\/?post_type=eventos&#038;p=25637"},"modified":"2025-01-18T22:46:49","modified_gmt":"2025-01-19T04:46:49","slug":"jorge-ismael-rodriguez-camino-a-tierra-adentro","status":"publish","type":"eventos","link":"https:\/\/themesh.art\/en\/eventos\/jorge-ismael-rodriguez-camino-a-tierra-adentro\/","title":{"rendered":"Jorge Ismael Rodr\u00edguez: Camino a Tierra Adentro"},"content":{"rendered":"<p>Camino a Tierra Adentro de&nbsp;<a href=\"https:\/\/www.instagram.com\/jorgeismaelrodriguez\/?hl=en\">@jorgeismaelrodriguez<\/a>&nbsp;es el t\u00edtulo del proyecto de viaje hacia la tierra de mis ancestros maternos, es como un viaje de retorno al vientre. Este viaje est\u00e1 planteado como un recorrido de mi trabajo de escultura en obsidiana por las 4 estaciones del trayecto que desde ni\u00f1o y hasta la fecha hago del antiguo DF a Zacatecas, parando en Quer\u00e9taro y San Luis Potos\u00ed y como proyecto integral se ha desarrollado bajo la curadur\u00eda de Luis Rius Caso y cocurada por&nbsp;<a href=\"https:\/\/www.instagram.com\/pancholopez\/?hl=en\">@pancholopez<\/a><\/p>\n\n\n\n<p>Para este proyecto, estoy tocando cada estaci\u00f3n con una exposici\u00f3n, siendo la Ciudad de M\u00e9xico el punto de partida y sede de tres exposiciones en sitios espec\u00edficos que para mi son muy importantes como parte de este camino.<\/p>\n\n\n\n<p>\ud83d\udcc5 Inauguraci\u00f3n: 29 de noviembre, 19:00 h<br>Galer\u00eda 1 y 2, planta baja<br>\ud83d\udcc5Permanencia hasta el 2 de febrero de 2025<\/p>\n\n\n\n<p>\ud83d\udccdManuel Acu\u00f1a s\/n esq. Reforma, Barrio de la Cruz<br>Entrada libre<\/p>\n\n\n\n<p><a href=\"https:\/\/www.instagram.com\/explore\/tags\/secultqro\/?hl=en\">#SecultQro<\/a><a href=\"https:\/\/www.instagram.com\/explore\/tags\/juntosadelante\/?hl=en\">#JuntosAdelante<\/a><a href=\"https:\/\/www.instagram.com\/explore\/tags\/contigo\/?hl=en\">#Contigo<\/a><a href=\"https:\/\/www.instagram.com\/explore\/tags\/obsidiana\/?hl=en\">#Obsidiana<\/a><a href=\"https:\/\/www.instagram.com\/explore\/tags\/piedraobsidiana\/?hl=en\">#PiedraObsidiana<\/a><a href=\"https:\/\/www.instagram.com\/explore\/tags\/energ%C3%ADa\/?hl=en\">#Energ\u00eda<\/a><a href=\"https:\/\/www.instagram.com\/explore\/tags\/minerales\/?hl=en\">#Minerales<\/a><a href=\"https:\/\/www.instagram.com\/explore\/tags\/tierra\/?hl=en\">#Tierra<\/a><a href=\"https:\/\/www.instagram.com\/explore\/tags\/escultura\/?hl=en\">#Escultura<\/a><a href=\"https:\/\/www.instagram.com\/explore\/tags\/museodeartecontempor%C3%A1neo\/?hl=en\">#MuseodeArteContempor\u00e1neo<\/a><a href=\"https:\/\/www.instagram.com\/explore\/tags\/rocavolcanica\/?hl=en\">#rocavolcanica<\/a><\/p>\n\n\n\n<p><\/p>","protected":false},"excerpt":{"rendered":"<p>Camino a Tierra Adentro de&nbsp;@jorgeismaelrodriguez&nbsp;es el t\u00edtulo del proyecto de viaje hacia la tierra de mis ancestros maternos, es como [&hellip;]<\/p>","protected":false},"author":1,"featured_media":25638,"template":"","meta":{"site-sidebar-layout":"default","site-content-layout":"","ast-site-content-layout":"","site-content-style":"default","site-sidebar-style":"default","ast-global-header-display":"","ast-banner-title-visibility":"","ast-main-header-display":"","ast-hfb-above-header-display":"","ast-hfb-below-header-display":"","ast-hfb-mobile-header-display":"","site-post-title":"","ast-breadcrumbs-content":"","ast-featured-img":"","footer-sml-layout":"","theme-transparent-header-meta":"","adv-header-id-meta":"","stick-header-meta":"","header-above-stick-meta":"","header-main-stick-meta":"","header-below-stick-meta":"","astra-migrate-meta-layouts":"default","ast-page-background-enabled":"default","ast-page-background-meta":{"desktop":{"background-color":"var(--ast-global-color-4)","background-image":"","background-repeat":"repeat","background-position":"center center","background-size":"auto","background-attachment":"scroll","background-type":"","background-media":"","overlay-type":"","overlay-color":"","overlay-opacity":"","overlay-gradient":""},"tablet":{"background-color":"","background-image":"","background-repeat":"repeat","background-position":"center center","background-size":"auto","background-attachment":"scroll","background-type":"","background-media":"","overlay-type":"","overlay-color":"","overlay-opacity":"","overlay-gradient":""},"mobile":{"background-color":"","background-image":"","background-repeat":"repeat","background-position":"center center","background-size":"auto","background-attachment":"scroll","background-type":"","background-media":"","overlay-type":"","overlay-color":"","overlay-opacity":"","overlay-gradient":""}},"ast-content-background-meta":{"desktop":{"background-color":"var(--ast-global-color-5)","background-image":"","background-repeat":"repeat","background-position":"center center","background-size":"auto","background-attachment":"scroll","background-type":"","background-media":"","overlay-type":"","overlay-color":"","overlay-opacity":"","overlay-gradient":""},"tablet":{"background-color":"var(--ast-global-color-5)","background-image":"","background-repeat":"repeat","background-position":"center center","background-size":"auto","background-attachment":"scroll","background-type":"","background-media":"","overlay-type":"","overlay-color":"","overlay-opacity":"","overlay-gradient":""},"mobile":{"background-color":"var(--ast-global-color-5)","background-image":"","background-repeat":"repeat","background-position":"center center","background-size":"auto","background-attachment":"scroll","background-type":"","background-media":"","overlay-type":"","overlay-color":"","overlay-opacity":"","overlay-gradient":""}},"fecha_de_inicio":1732838400,"fecha_de_finalizacion":1738515600,"duracion_evento":"","modalidad":"","tipo_de_acceso":"","precio_evento":"","link_externo":"","direccion":"Manuel Acu\u00f1a esq Avenida Reforma Oriente S\/N, La Cruz, 76020 Santiago de Quer\u00e9taro, Qro.","featured_event":""},"etiquetas-de-evento":[1630,506,1636,1642],"ubicacion-de-evento":[478,510],"categoria-de-evento":[1628,1629],"class_list":["post-25637","eventos","type-eventos","status-publish","has-post-thumbnail","hentry","etiquetas-de-evento-arte-contemporaneo-artes-visuales","etiquetas-de-evento-artes-visuales","etiquetas-de-evento-escultura-artes-visuales","etiquetas-de-evento-instalacion","ubicacion-de-evento-mexico","ubicacion-de-evento-queretaro","categoria-de-evento-exposicion","categoria-de-evento-museo-exposicion"],"_links":{"self":[{"href":"https:\/\/themesh.art\/en\/wp-json\/wp\/v2\/eventos\/25637","targetHints":{"allow":["GET"]}}],"collection":[{"href":"https:\/\/themesh.art\/en\/wp-json\/wp\/v2\/eventos"}],"about":[{"href":"https:\/\/themesh.art\/en\/wp-json\/wp\/v2\/types\/eventos"}],"author":[{"embeddable":true,"href":"https:\/\/themesh.art\/en\/wp-json\/wp\/v2\/users\/1"}],"wp:featuredmedia":[{"embeddable":true,"href":"https:\/\/themesh.art\/en\/wp-json\/wp\/v2\/media\/25638"}],"wp:attachment":[{"href":"https:\/\/themesh.art\/en\/wp-json\/wp\/v2\/media?parent=25637"}],"wp:term":[{"taxonomy":"etiquetas-de-evento","embeddable":true,"href":"https:\/\/themesh.art\/en\/wp-json\/wp\/v2\/etiquetas-de-evento?post=25637"},{"taxonomy":"ubicacion-de-evento","embeddable":true,"href":"https:\/\/themesh.art\/en\/wp-json\/wp\/v2\/ubicacion-de-evento?post=25637"},{"taxonomy":"categoria-de-evento","embeddable":true,"href":"https:\/\/themesh.art\/en\/wp-json\/wp\/v2\/categoria-de-evento?post=25637"}],"curies":[{"name":"wp","href":"https:\/\/api.w.org\/{rel}","templated":true}]}}