{"id":25635,"date":"2025-01-18T22:41:34","date_gmt":"2025-01-19T04:41:34","guid":{"rendered":"https:\/\/themesh.art\/?post_type=eventos&#038;p=25635"},"modified":"2025-01-19T15:40:19","modified_gmt":"2025-01-19T21:40:19","slug":"alteridades-aprehendidas","status":"publish","type":"eventos","link":"https:\/\/themesh.art\/en\/eventos\/alteridades-aprehendidas\/","title":{"rendered":"Alteridades aprehendidas"},"content":{"rendered":"<p>Texto, Seminario y curadur\u00eda:&nbsp;<a href=\"https:\/\/www.instagram.com\/selmaguisande\/?hl=en\">@selmaguisande<\/a><\/p>\n\n\n\n<p>Gesti\u00f3n:&nbsp;<a href=\"https:\/\/www.instagram.com\/itzelh.tovar\/?hl=en\">@itzelh.tovar<\/a><\/p>\n\n\n\n<p>La exposici\u00f3n es resultado del \u201cSeminario de proyectos\u201d que form\u00f3 parte de las actividades del programa educativo del&nbsp;<a href=\"https:\/\/www.instagram.com\/elmacq\/?hl=en\">@elmacq<\/a>&nbsp;\/&nbsp;<a href=\"https:\/\/www.instagram.com\/avcinefundacion\/?hl=en\">@avcinefundacion<\/a>&nbsp;y&nbsp;<a href=\"https:\/\/www.instagram.com\/sangremalgaleria\/?hl=en\">@sangremalgaleria<\/a><\/p>\n\n\n\n<p>La muestra se podr\u00e1 ver en dos \u00e1reas del museo, en la planta baja cuarto 1, en el la planta alta, en el sal\u00f3n de usos m\u00faltiples. en donde encontraremos obra de Alix Yolitzin, Ana Soto, Claudia Padilla, Fernanda T\u00e9llez, Gustavo H. Ballesteros, Haniel Fonseca, Nallim, Nanda, Oscar Mosco, Paulina Ahmed, Samantha Venegas y Valeria Heam.<\/p>\n\n\n\n<p>\ud83d\udcc6Inauguraci\u00f3n: 20 de diciembre de 2024<br>\u23f019:00 h<br>\ud83d\udccdManuel Acu\u00f1a s\/n esq. Reforma, Barrio de la Cruz. Quer\u00e9taro<br>Entrada libre<\/p>\n\n\n\n<p><a href=\"https:\/\/www.instagram.com\/explore\/tags\/secultqro\/?hl=en\">#secultqro<\/a><a href=\"https:\/\/www.instagram.com\/explore\/tags\/contigo\/?hl=en\">#contigo<\/a><a href=\"https:\/\/www.instagram.com\/explore\/tags\/juntosadelante\/?hl=en\">#juntosadelante<\/a><a href=\"https:\/\/www.instagram.com\/explore\/tags\/museodeartecontemporaneo\/?hl=en\">#museodeartecontemporaneo<\/a><a href=\"https:\/\/www.instagram.com\/explore\/tags\/exposicion\/?hl=en\">#exposicion<\/a><a href=\"https:\/\/www.instagram.com\/explore\/tags\/exposicioncolectiva\/?hl=en\">#exposicioncolectiva<\/a><\/p>","protected":false},"excerpt":{"rendered":"<p>Texto, Seminario y curadur\u00eda:&nbsp;@selmaguisande Gesti\u00f3n:&nbsp;@itzelh.tovar La exposici\u00f3n es resultado del \u201cSeminario de proyectos\u201d que form\u00f3 parte de las actividades del [&hellip;]<\/p>","protected":false},"author":1,"featured_media":25636,"template":"","meta":{"site-sidebar-layout":"default","site-content-layout":"","ast-site-content-layout":"","site-content-style":"default","site-sidebar-style":"default","ast-global-header-display":"","ast-banner-title-visibility":"","ast-main-header-display":"","ast-hfb-above-header-display":"","ast-hfb-below-header-display":"","ast-hfb-mobile-header-display":"","site-post-title":"","ast-breadcrumbs-content":"","ast-featured-img":"","footer-sml-layout":"","theme-transparent-header-meta":"","adv-header-id-meta":"","stick-header-meta":"","header-above-stick-meta":"","header-main-stick-meta":"","header-below-stick-meta":"","astra-migrate-meta-layouts":"default","ast-page-background-enabled":"default","ast-page-background-meta":{"desktop":{"background-color":"var(--ast-global-color-4)","background-image":"","background-repeat":"repeat","background-position":"center center","background-size":"auto","background-attachment":"scroll","background-type":"","background-media":"","overlay-type":"","overlay-color":"","overlay-opacity":"","overlay-gradient":""},"tablet":{"background-color":"","background-image":"","background-repeat":"repeat","background-position":"center center","background-size":"auto","background-attachment":"scroll","background-type":"","background-media":"","overlay-type":"","overlay-color":"","overlay-opacity":"","overlay-gradient":""},"mobile":{"background-color":"","background-image":"","background-repeat":"repeat","background-position":"center center","background-size":"auto","background-attachment":"scroll","background-type":"","background-media":"","overlay-type":"","overlay-color":"","overlay-opacity":"","overlay-gradient":""}},"ast-content-background-meta":{"desktop":{"background-color":"var(--ast-global-color-5)","background-image":"","background-repeat":"repeat","background-position":"center center","background-size":"auto","background-attachment":"scroll","background-type":"","background-media":"","overlay-type":"","overlay-color":"","overlay-opacity":"","overlay-gradient":""},"tablet":{"background-color":"var(--ast-global-color-5)","background-image":"","background-repeat":"repeat","background-position":"center center","background-size":"auto","background-attachment":"scroll","background-type":"","background-media":"","overlay-type":"","overlay-color":"","overlay-opacity":"","overlay-gradient":""},"mobile":{"background-color":"var(--ast-global-color-5)","background-image":"","background-repeat":"repeat","background-position":"center center","background-size":"auto","background-attachment":"scroll","background-type":"","background-media":"","overlay-type":"","overlay-color":"","overlay-opacity":"","overlay-gradient":""}},"fecha_de_inicio":1734652800,"fecha_de_finalizacion":1738515600,"duracion_evento":"","modalidad":"","tipo_de_acceso":"","precio_evento":"","link_externo":"","direccion":"Manuel Acu\u00f1a esq Avenida Reforma Oriente S\/N, La Cruz, 76020 Santiago de Quer\u00e9taro, Qro.","featured_event":""},"etiquetas-de-evento":[1630,506,1636,1637,1642,1623],"ubicacion-de-evento":[478,510],"categoria-de-evento":[1628,1629],"class_list":["post-25635","eventos","type-eventos","status-publish","has-post-thumbnail","hentry","etiquetas-de-evento-arte-contemporaneo-artes-visuales","etiquetas-de-evento-artes-visuales","etiquetas-de-evento-escultura-artes-visuales","etiquetas-de-evento-fotografia","etiquetas-de-evento-instalacion","etiquetas-de-evento-pintura-artes-visuales","ubicacion-de-evento-mexico","ubicacion-de-evento-queretaro","categoria-de-evento-exposicion","categoria-de-evento-museo-exposicion"],"_links":{"self":[{"href":"https:\/\/themesh.art\/en\/wp-json\/wp\/v2\/eventos\/25635","targetHints":{"allow":["GET"]}}],"collection":[{"href":"https:\/\/themesh.art\/en\/wp-json\/wp\/v2\/eventos"}],"about":[{"href":"https:\/\/themesh.art\/en\/wp-json\/wp\/v2\/types\/eventos"}],"author":[{"embeddable":true,"href":"https:\/\/themesh.art\/en\/wp-json\/wp\/v2\/users\/1"}],"wp:featuredmedia":[{"embeddable":true,"href":"https:\/\/themesh.art\/en\/wp-json\/wp\/v2\/media\/25636"}],"wp:attachment":[{"href":"https:\/\/themesh.art\/en\/wp-json\/wp\/v2\/media?parent=25635"}],"wp:term":[{"taxonomy":"etiquetas-de-evento","embeddable":true,"href":"https:\/\/themesh.art\/en\/wp-json\/wp\/v2\/etiquetas-de-evento?post=25635"},{"taxonomy":"ubicacion-de-evento","embeddable":true,"href":"https:\/\/themesh.art\/en\/wp-json\/wp\/v2\/ubicacion-de-evento?post=25635"},{"taxonomy":"categoria-de-evento","embeddable":true,"href":"https:\/\/themesh.art\/en\/wp-json\/wp\/v2\/categoria-de-evento?post=25635"}],"curies":[{"name":"wp","href":"https:\/\/api.w.org\/{rel}","templated":true}]}}