{"id":25142,"date":"2024-12-09T18:54:16","date_gmt":"2024-12-10T00:54:16","guid":{"rendered":"https:\/\/themesh.art\/?post_type=eventos&#038;p=25142"},"modified":"2024-12-09T18:54:17","modified_gmt":"2024-12-10T00:54:17","slug":"todo-comienza-con-una-posibilidad","status":"publish","type":"eventos","link":"https:\/\/themesh.art\/en\/eventos\/todo-comienza-con-una-posibilidad\/","title":{"rendered":"Todo comienza con una posibilidad"},"content":{"rendered":"<p>Colecci\u00f3n Permanente<br><a href=\"https:\/\/www.instagram.com\/elmacq\/\">@elmacq<\/a><br>Curadur\u00eda:&nbsp;<a href=\"https:\/\/www.instagram.com\/uryenriquez\/\">@uryenriquez<\/a><\/p>\n\n\n\n<p>Artistas:<br>Alonso Cedillo (Ciudad de M\u00e9xico, 1988)<br>Gabriel de la Mora (Ciudad de M\u00e9xico, 1968)<br>Rodolfo D\u00edaz Cervantes (Ciudad de M\u00e9xico, 1980)<br>David Garza Gonz\u00e1lez (Monterrey, 1973)<br>Miguel Loyola (Quer\u00e9taro, 1986)<br>Tania P\u00e9rez C\u00f3rdova (Ciudad de M\u00e9xico, 1979)<br>Francisco Ugarte (Guadalajara, 1973)<br>Xawery Wolski (Varsovia, 1960)<\/p>\n\n\n\n<p>\ud83d\udccdPlanta Alta, sala 2<br>\ud83d\udcc6Inauguraci\u00f3n: Viernes 29 de noviembre 2024 \u23f019:00 h<br>Permanencia: 16 de febrero 2025<\/p>\n\n\n\n<p>Todo comienza con una posibilidad es la presentaci\u00f3n oficial de la colecci\u00f3n permanente del MACQ. Esta muestra comprende una selecci\u00f3n de 30 piezas donde los discursos sobre pr\u00e1cticas art\u00edsticas (pintura, ensamblaje, escultura, instalaci\u00f3n, gr\u00e1fica, fotograf\u00eda y v\u00eddeo) se vinculan con la experimentaci\u00f3n, la arquitectura, la poes\u00eda, lo precolombino, el post internet y el tiempo.<\/p>\n\n\n\n<p>La colecci\u00f3n es el resultado del inter\u00e9s y compromiso de la instituci\u00f3n por dotar al recinto de un acervo de objetos de alto valor cultural que presenten relatos diversos sobre el arte contempor\u00e1neo local, nacional e internacional; abarca piezas creadas en los \u00faltimos 36 a\u00f1os, principalmente enfoc\u00e1ndose en piezas realizadas entre el 2018 y el 2020.<\/p>\n\n\n\n<p>La muestra se presenta como un recorrido libre que hila tres conceptos: el cuestionamiento y los l\u00edmites de la pintura en el presente, la po\u00e9tica de la forma y el encuentro.<\/p>\n\n\n\n<p>\ud83d\udccdManuel Acu\u00f1a s\/n esq. Reforma, Barrio de la Cruz<br>Entrada libre<\/p>\n\n\n\n<p><a href=\"https:\/\/www.instagram.com\/explore\/tags\/secultqro\/\">#SecultQro<\/a><a href=\"https:\/\/www.instagram.com\/explore\/tags\/juntosadelante\/\">#JuntosAdelante<\/a><a href=\"https:\/\/www.instagram.com\/explore\/tags\/contigo\/\">#contigo<\/a><a href=\"https:\/\/www.instagram.com\/explore\/tags\/museodeartecontempor%C3%A1neo\/\">#MuseodeArteContempor\u00e1neo<\/a><\/p>","protected":false},"excerpt":{"rendered":"<p>Colecci\u00f3n Permanente@elmacqCuradur\u00eda:&nbsp;@uryenriquez Artistas:Alonso Cedillo (Ciudad de M\u00e9xico, 1988)Gabriel de la Mora (Ciudad de M\u00e9xico, 1968)Rodolfo D\u00edaz Cervantes (Ciudad de M\u00e9xico, [&hellip;]<\/p>","protected":false},"author":28,"featured_media":25143,"template":"","meta":{"site-sidebar-layout":"default","site-content-layout":"","ast-site-content-layout":"","site-content-style":"default","site-sidebar-style":"default","ast-global-header-display":"","ast-banner-title-visibility":"","ast-main-header-display":"","ast-hfb-above-header-display":"","ast-hfb-below-header-display":"","ast-hfb-mobile-header-display":"","site-post-title":"","ast-breadcrumbs-content":"","ast-featured-img":"","footer-sml-layout":"","theme-transparent-header-meta":"","adv-header-id-meta":"","stick-header-meta":"","header-above-stick-meta":"","header-main-stick-meta":"","header-below-stick-meta":"","astra-migrate-meta-layouts":"default","ast-page-background-enabled":"default","ast-page-background-meta":{"desktop":{"background-color":"var(--ast-global-color-4)","background-image":"","background-repeat":"repeat","background-position":"center center","background-size":"auto","background-attachment":"scroll","background-type":"","background-media":"","overlay-type":"","overlay-color":"","overlay-opacity":"","overlay-gradient":""},"tablet":{"background-color":"","background-image":"","background-repeat":"repeat","background-position":"center center","background-size":"auto","background-attachment":"scroll","background-type":"","background-media":"","overlay-type":"","overlay-color":"","overlay-opacity":"","overlay-gradient":""},"mobile":{"background-color":"","background-image":"","background-repeat":"repeat","background-position":"center center","background-size":"auto","background-attachment":"scroll","background-type":"","background-media":"","overlay-type":"","overlay-color":"","overlay-opacity":"","overlay-gradient":""}},"ast-content-background-meta":{"desktop":{"background-color":"var(--ast-global-color-5)","background-image":"","background-repeat":"repeat","background-position":"center center","background-size":"auto","background-attachment":"scroll","background-type":"","background-media":"","overlay-type":"","overlay-color":"","overlay-opacity":"","overlay-gradient":""},"tablet":{"background-color":"var(--ast-global-color-5)","background-image":"","background-repeat":"repeat","background-position":"center center","background-size":"auto","background-attachment":"scroll","background-type":"","background-media":"","overlay-type":"","overlay-color":"","overlay-opacity":"","overlay-gradient":""},"mobile":{"background-color":"var(--ast-global-color-5)","background-image":"","background-repeat":"repeat","background-position":"center center","background-size":"auto","background-attachment":"scroll","background-type":"","background-media":"","overlay-type":"","overlay-color":"","overlay-opacity":"","overlay-gradient":""}},"fecha_de_inicio":1732838400,"fecha_de_finalizacion":1739743200,"duracion_evento":"","modalidad":"","tipo_de_acceso":"","precio_evento":"","link_externo":"","direccion":"Manuel Acu\u00f1a esq Avenida Reforma Oriente S\/N, La Cruz, 76020 Santiago de Quer\u00e9taro, Qro.","featured_event":""},"etiquetas-de-evento":[506],"ubicacion-de-evento":[478,510],"categoria-de-evento":[1628,1629],"class_list":["post-25142","eventos","type-eventos","status-publish","has-post-thumbnail","hentry","etiquetas-de-evento-artes-visuales","ubicacion-de-evento-mexico","ubicacion-de-evento-queretaro","categoria-de-evento-exposicion","categoria-de-evento-museo-exposicion"],"_links":{"self":[{"href":"https:\/\/themesh.art\/en\/wp-json\/wp\/v2\/eventos\/25142","targetHints":{"allow":["GET"]}}],"collection":[{"href":"https:\/\/themesh.art\/en\/wp-json\/wp\/v2\/eventos"}],"about":[{"href":"https:\/\/themesh.art\/en\/wp-json\/wp\/v2\/types\/eventos"}],"author":[{"embeddable":true,"href":"https:\/\/themesh.art\/en\/wp-json\/wp\/v2\/users\/28"}],"wp:featuredmedia":[{"embeddable":true,"href":"https:\/\/themesh.art\/en\/wp-json\/wp\/v2\/media\/25143"}],"wp:attachment":[{"href":"https:\/\/themesh.art\/en\/wp-json\/wp\/v2\/media?parent=25142"}],"wp:term":[{"taxonomy":"etiquetas-de-evento","embeddable":true,"href":"https:\/\/themesh.art\/en\/wp-json\/wp\/v2\/etiquetas-de-evento?post=25142"},{"taxonomy":"ubicacion-de-evento","embeddable":true,"href":"https:\/\/themesh.art\/en\/wp-json\/wp\/v2\/ubicacion-de-evento?post=25142"},{"taxonomy":"categoria-de-evento","embeddable":true,"href":"https:\/\/themesh.art\/en\/wp-json\/wp\/v2\/categoria-de-evento?post=25142"}],"curies":[{"name":"wp","href":"https:\/\/api.w.org\/{rel}","templated":true}]}}