{"id":24447,"date":"2024-11-26T17:58:30","date_gmt":"2024-11-26T23:58:30","guid":{"rendered":"https:\/\/themesh.art\/eventos\/exposicion-permanente-maqro\/"},"modified":"2026-04-06T13:33:35","modified_gmt":"2026-04-06T19:33:35","slug":"exposicion-permanente-maqro","status":"publish","type":"eventos","link":"https:\/\/themesh.art\/en\/eventos\/exposicion-permanente-maqro\/","title":{"rendered":"Colecci\u00f3n MAQRO"},"content":{"rendered":"<h4 class=\"wp-block-heading\">El MAQRO con una exhibici\u00f3n permanente en comodato con el INAH que ofrece una panor\u00e1mica de la historia de nuestro arte, desde la primera mitad del siglo XVII, durante el Virreinato, a la segunda mitad del siglo XIX.<\/h4>\r\n\r\n\r\n\r\n<p>Esta muestra contiene obras de autores gran importancia, entre los que se encuentran: Baltazar de Echave Ib\u00eda, Juan y Nicol\u00e1s Rodr\u00edguez Ju\u00e1rez, Luis Berrueco, Miguel Antonio Mart\u00ednez Pocasangre, Miguel Cabrera, Jos\u00e9 de Alc\u00edbar, Eduardo Tresguerras, Primitivo Miranda, Juan Urruchi, Juan Manchola, y Pelegr\u00edn Clav\u00e9.<\/p>\r\n\r\n\r\n\r\n<h4 class=\"wp-block-heading\">Su Colecci\u00f3n Permanente supera las 600 obras de la autor\u00eda de artistas locales, nacionales e internacionales de gran renombre.<\/h4>\r\n\r\n\r\n\r\n<p>Tales como: Rufino Tamayo, Pedro Coronel, Manuel Felgu\u00e9rez, Guillermo Zapfe, Joy Laville, Gullermo Ceniceros, Vicente Rojo, Sebasti\u00e1n, Jazzamoart, Rafael Cauduro, Leonardo Nierman, Jordi Bold\u00f3, Santiago Carbonell, Rub\u00e9n Maya, Arturo Rivera, Rams\u00e9s de la Cruz, Barry Wolfryd, Luca Bray, entre otros.<\/p>","protected":false},"excerpt":{"rendered":"<p>El MAQRO con una exhibici\u00f3n permanente en comodato con el INAH que ofrece una panor\u00e1mica de la historia de nuestro [&hellip;]<\/p>","protected":false},"author":1,"featured_media":24646,"template":"","meta":{"site-sidebar-layout":"default","site-content-layout":"","ast-site-content-layout":"default","site-content-style":"default","site-sidebar-style":"default","ast-global-header-display":"","ast-banner-title-visibility":"","ast-main-header-display":"","ast-hfb-above-header-display":"","ast-hfb-below-header-display":"","ast-hfb-mobile-header-display":"","site-post-title":"","ast-breadcrumbs-content":"","ast-featured-img":"","footer-sml-layout":"","theme-transparent-header-meta":"default","adv-header-id-meta":"","stick-header-meta":"","header-above-stick-meta":"","header-main-stick-meta":"","header-below-stick-meta":"","astra-migrate-meta-layouts":"set","ast-page-background-enabled":"default","ast-page-background-meta":{"desktop":{"background-color":"var(--ast-global-color-4)","background-image":"","background-repeat":"repeat","background-position":"center center","background-size":"auto","background-attachment":"scroll","background-type":"","background-media":"","overlay-type":"","overlay-color":"","overlay-opacity":"","overlay-gradient":""},"tablet":{"background-color":"","background-image":"","background-repeat":"repeat","background-position":"center center","background-size":"auto","background-attachment":"scroll","background-type":"","background-media":"","overlay-type":"","overlay-color":"","overlay-opacity":"","overlay-gradient":""},"mobile":{"background-color":"","background-image":"","background-repeat":"repeat","background-position":"center center","background-size":"auto","background-attachment":"scroll","background-type":"","background-media":"","overlay-type":"","overlay-color":"","overlay-opacity":"","overlay-gradient":""}},"ast-content-background-meta":{"desktop":{"background-color":"var(--ast-global-color-5)","background-image":"","background-repeat":"repeat","background-position":"center center","background-size":"auto","background-attachment":"scroll","background-type":"","background-media":"","overlay-type":"","overlay-color":"","overlay-opacity":"","overlay-gradient":""},"tablet":{"background-color":"var(--ast-global-color-5)","background-image":"","background-repeat":"repeat","background-position":"center center","background-size":"auto","background-attachment":"scroll","background-type":"","background-media":"","overlay-type":"","overlay-color":"","overlay-opacity":"","overlay-gradient":""},"mobile":{"background-color":"var(--ast-global-color-5)","background-image":"","background-repeat":"repeat","background-position":"center center","background-size":"auto","background-attachment":"scroll","background-type":"","background-media":"","overlay-type":"","overlay-color":"","overlay-opacity":"","overlay-gradient":""}},"fecha_de_inicio":0,"fecha_de_finalizacion":0,"duracion_evento":"Permanente","modalidad":"presencial","tipo_de_acceso":"con_costo","precio_evento":"","link_externo":"","direccion":"C. Ignacio Allende Sur 14, Centro, 76000 Santiago de Quer\u00e9taro, Qro.","featured_event":"false"},"etiquetas-de-evento":[506],"ubicacion-de-evento":[478,510],"categoria-de-evento":[1628,1629],"class_list":["post-24447","eventos","type-eventos","status-publish","has-post-thumbnail","hentry","etiquetas-de-evento-artes-visuales","ubicacion-de-evento-mexico","ubicacion-de-evento-queretaro","categoria-de-evento-exposicion","categoria-de-evento-museo-exposicion"],"_links":{"self":[{"href":"https:\/\/themesh.art\/en\/wp-json\/wp\/v2\/eventos\/24447","targetHints":{"allow":["GET"]}}],"collection":[{"href":"https:\/\/themesh.art\/en\/wp-json\/wp\/v2\/eventos"}],"about":[{"href":"https:\/\/themesh.art\/en\/wp-json\/wp\/v2\/types\/eventos"}],"author":[{"embeddable":true,"href":"https:\/\/themesh.art\/en\/wp-json\/wp\/v2\/users\/1"}],"wp:featuredmedia":[{"embeddable":true,"href":"https:\/\/themesh.art\/en\/wp-json\/wp\/v2\/media\/24646"}],"wp:attachment":[{"href":"https:\/\/themesh.art\/en\/wp-json\/wp\/v2\/media?parent=24447"}],"wp:term":[{"taxonomy":"etiquetas-de-evento","embeddable":true,"href":"https:\/\/themesh.art\/en\/wp-json\/wp\/v2\/etiquetas-de-evento?post=24447"},{"taxonomy":"ubicacion-de-evento","embeddable":true,"href":"https:\/\/themesh.art\/en\/wp-json\/wp\/v2\/ubicacion-de-evento?post=24447"},{"taxonomy":"categoria-de-evento","embeddable":true,"href":"https:\/\/themesh.art\/en\/wp-json\/wp\/v2\/categoria-de-evento?post=24447"}],"curies":[{"name":"wp","href":"https:\/\/api.w.org\/{rel}","templated":true}]}}