{"id":23763,"date":"2024-11-23T02:45:10","date_gmt":"2024-11-23T08:45:10","guid":{"rendered":"https:\/\/themesh.art\/eventos\/el-camino\/"},"modified":"2025-08-26T15:29:44","modified_gmt":"2025-08-26T21:29:44","slug":"el-camino","status":"publish","type":"eventos","link":"https:\/\/themesh.art\/en\/eventos\/el-camino\/","title":{"rendered":"Lapiztola: El camino"},"content":{"rendered":"<p><strong>Lapiztola<\/strong><\/p>\r\n\r\n\r\n\r\n<p>El Museo Universitario del Chopo inaugura un nuevo espacio de intervenci\u00f3n art\u00edstica bajo el nombre de<em>\u00a0Ef\u00edmero\/permanente.\u00a0<\/em>Este ciclo de participaciones anuales activa el \u00e1rea del jard\u00edn del museo a trav\u00e9s de intervenciones art\u00edsticas comisionadas; el detonador, dinamizar otras \u00e1reas transitables y de convivencia del &#8220;centro social travestido de museo&#8221;.<\/p>\r\n\r\n\r\n\r\n<p>La primera comisi\u00f3n corre a cargo de Lapiztola, colectivo que se conform\u00f3 en las calles de la ciudad de Oaxaca en el fragor del conflicto magisterial y el movimiento social del 2006. Desde ese momento, se concibieron como un colectivo de gr\u00e1fica y arte urbano comprometido socialmente. As\u00ed, a lo largo de sus m\u00e1s de veinte a\u00f1os de trayectoria, han recurrido a im\u00e1genes de la vida cotidiana en Oaxaca, mientras a\u00fanan la iconograf\u00eda mexicana con su contemporaneidad urbana para construir personajes con agencia social. Su trabajo se puede encontrar en espacios p\u00fablicos y privados, abiertos y cerrados, como &#8220;balazos&#8221; de color y pensamiento que buscan sorprender e interpelar al transe\u00fante para activar cuestionamientos pol\u00edticos.<\/p>\r\n\r\n\r\n\r\n<p>En su intervenci\u00f3n para el Museo Universitario del Chopo, Lapiztola alude al tr\u00e1nsito migratorio de las personas que se encaminan al emprender un viaje en una b\u00fasqueda de oportunidades. \u00bfQu\u00e9 secretos se esconden en\u00a0<em>El camino<\/em>? Ninguno evidente, sino la imaginaci\u00f3n. La secuencia espacial que conforma el mural de Lapiztola da cuenta de un tiempo fuera del tiempo. Los personajes se\u00f1alan algo que queda fuera de la composici\u00f3n, sugiriendo e invitando al espectador a adoptar la imaginaci\u00f3n, la exploraci\u00f3n y el descubrimiento como estrategias que intentan darle la vuelta a la monoton\u00eda de la vida citadina. La composici\u00f3n mural culmina con una ni\u00f1a que protege la luz de una vela encendida, al tiempo que, un ave se cruza en su camino, simbolizando as\u00ed el anhelo de encontrarse con la cada vez m\u00e1s esquiva libertad.<\/p>\r\n\r\n\r\n\r\n<p>Karol Wolley R. (Curadora)<\/p>\r\n\r\n\r\n\r\n<p>A partir de 19 de octubre, 2024<\/p>\r\n\r\n\r\n\r\n<p>Jard\u00edn del Museo<\/p>\r\n\r\n\r\n\r\n<p><strong>Lapiztola<\/strong><\/p>\r\n\r\n\r\n\r\n<p>Lapiztola, colectivo formado en 2006 en Oaxaca, es un juego de palabras, entre &#8220;l\u00e1piz&#8221; y la &#8220;pistola&#8221; que dispara color a los muros. Est\u00e1 integrado por los artistas Rosario Mart\u00ednez, Roberto Vega y Alejandro Alfonso Luis Ram\u00edrez, quienes trabajan en un taller enfocado en la producci\u00f3n de serigraf\u00eda, est\u00e9ncil y gr\u00e1fica digital. Un tema central del colectivo es\u00a0el continuo secuestro masivo de ni\u00f1os y mujeres.<br \/>\u200b<br \/>Su producci\u00f3n ha participado en La bienal de la habana en Cuba (&#8220;El Ma\u00edz es nuestra\u00a0vida&#8221;), Universidad de Michigan (&#8220;Por la sangre derramada&#8221;), Valpara\u00edso ,Chile\u00a0y Barcelona Espa\u00f1a(Laberinto, de Miradas), Mission Cultural Center en San\u00a0Francisco CA. (Mas de 50.000) Museo de la memoria ind\u00f3mita , M\u00e9xico (El\u00a0abrazo ausente), Los \u00c1ngeles CA. (Ma\u00edz para la gallina) Candyland Gallery,\u00a0Estocolmo Suecia (instrucciones para un largo viaje) Santos, Brasil (encuentro\u00a0de colectivos) galer\u00eda Gorila, Oaxaca (Extinci\u00f3n)\u00a0Rich Mix, Londres Inglaterra (Democracia Real ya!) , Museo de Arte Popular,\u00a0M\u00e9xico D.F. y SPARC , en Venice California(Nuevo c\u00f3dice: migraci\u00f3n y\u00a0memoria cultural), Sembremos Sue\u00f1os (Museo Belber Jim\u00e9nez) D\u00eda de muertos\u00a0(Wahaca, Londre UK), Im\u00e1genes para Verte (Museo de la ciudad de M\u00e9xico),\u00a0Corte aqu\u00ed , 10 a\u00f1os (Instituto de artes Graficas de Oaxaca) Estudio dezenove,\u00a0R\u00edo de Janeiro, Brazil (Residencia Art\u00edstica ) MOA (museum of Anthropology, Vancuver Canad\u00e1)<\/p>\r\n\r\n\r\n\r\n<p>&nbsp;<\/p>","protected":false},"excerpt":{"rendered":"<p>Lapiztola El Museo Universitario del Chopo inaugura un nuevo espacio de intervenci\u00f3n art\u00edstica bajo el nombre de\u00a0Ef\u00edmero\/permanente.\u00a0Este ciclo de participaciones [&hellip;]<\/p>","protected":false},"author":28,"featured_media":23764,"template":"","meta":{"site-sidebar-layout":"default","site-content-layout":"","ast-site-content-layout":"default","site-content-style":"default","site-sidebar-style":"default","ast-global-header-display":"","ast-banner-title-visibility":"","ast-main-header-display":"","ast-hfb-above-header-display":"","ast-hfb-below-header-display":"","ast-hfb-mobile-header-display":"","site-post-title":"","ast-breadcrumbs-content":"","ast-featured-img":"","footer-sml-layout":"","theme-transparent-header-meta":"default","adv-header-id-meta":"","stick-header-meta":"","header-above-stick-meta":"","header-main-stick-meta":"","header-below-stick-meta":"","astra-migrate-meta-layouts":"set","ast-page-background-enabled":"default","ast-page-background-meta":{"desktop":{"background-color":"var(--ast-global-color-4)","background-image":"","background-repeat":"repeat","background-position":"center center","background-size":"auto","background-attachment":"scroll","background-type":"","background-media":"","overlay-type":"","overlay-color":"","overlay-opacity":"","overlay-gradient":""},"tablet":{"background-color":"","background-image":"","background-repeat":"repeat","background-position":"center center","background-size":"auto","background-attachment":"scroll","background-type":"","background-media":"","overlay-type":"","overlay-color":"","overlay-opacity":"","overlay-gradient":""},"mobile":{"background-color":"","background-image":"","background-repeat":"repeat","background-position":"center center","background-size":"auto","background-attachment":"scroll","background-type":"","background-media":"","overlay-type":"","overlay-color":"","overlay-opacity":"","overlay-gradient":""}},"ast-content-background-meta":{"desktop":{"background-color":"var(--ast-global-color-5)","background-image":"","background-repeat":"repeat","background-position":"center center","background-size":"auto","background-attachment":"scroll","background-type":"","background-media":"","overlay-type":"","overlay-color":"","overlay-opacity":"","overlay-gradient":""},"tablet":{"background-color":"var(--ast-global-color-5)","background-image":"","background-repeat":"repeat","background-position":"center center","background-size":"auto","background-attachment":"scroll","background-type":"","background-media":"","overlay-type":"","overlay-color":"","overlay-opacity":"","overlay-gradient":""},"mobile":{"background-color":"var(--ast-global-color-5)","background-image":"","background-repeat":"repeat","background-position":"center center","background-size":"auto","background-attachment":"scroll","background-type":"","background-media":"","overlay-type":"","overlay-color":"","overlay-opacity":"","overlay-gradient":""}},"featured_event":"","duracion_evento":""},"etiquetas-de-evento":[506,1664,1759],"ubicacion-de-evento":[479,478],"categoria-de-evento":[1628,1629],"class_list":["post-23763","eventos","type-eventos","status-publish","has-post-thumbnail","hentry","etiquetas-de-evento-artes-visuales","etiquetas-de-evento-cine","etiquetas-de-evento-colectivo","ubicacion-de-evento-cdmx","ubicacion-de-evento-mexico","categoria-de-evento-exposicion","categoria-de-evento-museo-exposicion"],"_links":{"self":[{"href":"https:\/\/themesh.art\/en\/wp-json\/wp\/v2\/eventos\/23763","targetHints":{"allow":["GET"]}}],"collection":[{"href":"https:\/\/themesh.art\/en\/wp-json\/wp\/v2\/eventos"}],"about":[{"href":"https:\/\/themesh.art\/en\/wp-json\/wp\/v2\/types\/eventos"}],"author":[{"embeddable":true,"href":"https:\/\/themesh.art\/en\/wp-json\/wp\/v2\/users\/28"}],"wp:featuredmedia":[{"embeddable":true,"href":"https:\/\/themesh.art\/en\/wp-json\/wp\/v2\/media\/23764"}],"wp:attachment":[{"href":"https:\/\/themesh.art\/en\/wp-json\/wp\/v2\/media?parent=23763"}],"wp:term":[{"taxonomy":"etiquetas-de-evento","embeddable":true,"href":"https:\/\/themesh.art\/en\/wp-json\/wp\/v2\/etiquetas-de-evento?post=23763"},{"taxonomy":"ubicacion-de-evento","embeddable":true,"href":"https:\/\/themesh.art\/en\/wp-json\/wp\/v2\/ubicacion-de-evento?post=23763"},{"taxonomy":"categoria-de-evento","embeddable":true,"href":"https:\/\/themesh.art\/en\/wp-json\/wp\/v2\/categoria-de-evento?post=23763"}],"curies":[{"name":"wp","href":"https:\/\/api.w.org\/{rel}","templated":true}]}}