{"id":23269,"date":"2024-11-23T02:30:59","date_gmt":"2024-11-23T08:30:59","guid":{"rendered":"https:\/\/themesh.art\/eventos\/mosaicos-exposicion-permanente\/"},"modified":"2026-04-06T13:35:55","modified_gmt":"2026-04-06T19:35:55","slug":"mosaicos-exposicion-permanente","status":"publish","type":"eventos","link":"https:\/\/themesh.art\/en\/eventos\/mosaicos-exposicion-permanente\/","title":{"rendered":"Mosaicos: Exposici\u00f3n permanente"},"content":{"rendered":"<p>Diego Rivera dise\u00f1\u00f3 una serie de 23 mosaicos que recubren los techos del Anahuacalli. Junto con su amigo, el arquitecto Juan O\u2019Gorman, el pintor concibi\u00f3 una t\u00e9cnica propia para realizarlos. Consist\u00eda en colocar directamente sobre la cimbra de madera unos cartones con los bocetos dibujados. Sobre estos cartones y con una emulsi\u00f3n de cola se adher\u00edan los pedazos de piedra, siguiendo la imagen que el pintor hab\u00eda creado. Despu\u00e9s, se completaba con la piedra de mortero para fijarla. Cuando todo esto secaba, se retiraba la cimbra y el cart\u00f3n y se correg\u00eda la imagen.<\/p>\r\n\r\n\r\n\r\n<p>Los mosaicos del Anahuacalli retratan la cosmovisi\u00f3n prehisp\u00e1nica y sus dualidades, en un trayecto que va de la oscuridad a la luz. As\u00ed, los de la planta baja del edificio est\u00e1n realizados en blanco y negro, mientras que los de las plantas superiores se componen de piedras de distintos colores tra\u00eddas de Taxco. Estos \u00faltimos plafones fueron terminados por amigos y familiares de Diego Rivera.<\/p>\r\n\r\n\r\n\r\n<p>Los dise\u00f1os en los techos se pueden leer como un c\u00f3dice; en ellos se encuentra plasmada la cosmogon\u00eda que Diego Rivera quiso exponer en su templo-museo, en di\u00e1logo con el visitante y con el arte de su tiempo. Destacan elementos como la serpiente Quetzalc\u00f3atl, el jaguar y la rana, inspirados en las antiguas figuras de los documentos prehisp\u00e1nicos, pero a la vez actualizados seg\u00fan la visi\u00f3n del pintor.<\/p>","protected":false},"excerpt":{"rendered":"<p>Diego Rivera dise\u00f1\u00f3 una serie de 23 mosaicos que recubren los techos del Anahuacalli. Junto con su amigo, el arquitecto [&hellip;]<\/p>","protected":false},"author":1,"featured_media":12551,"template":"","meta":{"site-sidebar-layout":"default","site-content-layout":"","ast-site-content-layout":"default","site-content-style":"default","site-sidebar-style":"default","ast-global-header-display":"","ast-banner-title-visibility":"","ast-main-header-display":"","ast-hfb-above-header-display":"","ast-hfb-below-header-display":"","ast-hfb-mobile-header-display":"","site-post-title":"","ast-breadcrumbs-content":"","ast-featured-img":"","footer-sml-layout":"","theme-transparent-header-meta":"default","adv-header-id-meta":"","stick-header-meta":"","header-above-stick-meta":"","header-main-stick-meta":"","header-below-stick-meta":"","astra-migrate-meta-layouts":"set","ast-page-background-enabled":"default","ast-page-background-meta":{"desktop":{"background-color":"var(--ast-global-color-4)","background-image":"","background-repeat":"repeat","background-position":"center center","background-size":"auto","background-attachment":"scroll","background-type":"","background-media":"","overlay-type":"","overlay-color":"","overlay-opacity":"","overlay-gradient":""},"tablet":{"background-color":"","background-image":"","background-repeat":"repeat","background-position":"center center","background-size":"auto","background-attachment":"scroll","background-type":"","background-media":"","overlay-type":"","overlay-color":"","overlay-opacity":"","overlay-gradient":""},"mobile":{"background-color":"","background-image":"","background-repeat":"repeat","background-position":"center center","background-size":"auto","background-attachment":"scroll","background-type":"","background-media":"","overlay-type":"","overlay-color":"","overlay-opacity":"","overlay-gradient":""}},"ast-content-background-meta":{"desktop":{"background-color":"var(--ast-global-color-5)","background-image":"","background-repeat":"repeat","background-position":"center center","background-size":"auto","background-attachment":"scroll","background-type":"","background-media":"","overlay-type":"","overlay-color":"","overlay-opacity":"","overlay-gradient":""},"tablet":{"background-color":"var(--ast-global-color-5)","background-image":"","background-repeat":"repeat","background-position":"center center","background-size":"auto","background-attachment":"scroll","background-type":"","background-media":"","overlay-type":"","overlay-color":"","overlay-opacity":"","overlay-gradient":""},"mobile":{"background-color":"var(--ast-global-color-5)","background-image":"","background-repeat":"repeat","background-position":"center center","background-size":"auto","background-attachment":"scroll","background-type":"","background-media":"","overlay-type":"","overlay-color":"","overlay-opacity":"","overlay-gradient":""}},"featured_event":"false","duracion_evento":"Permanente"},"etiquetas-de-evento":[506,1641,1716,1623],"ubicacion-de-evento":[479,478],"categoria-de-evento":[1628,1629],"class_list":["post-23269","eventos","type-eventos","status-publish","has-post-thumbnail","hentry","etiquetas-de-evento-artes-visuales","etiquetas-de-evento-ceramica-artes-visuales","etiquetas-de-evento-mural","etiquetas-de-evento-pintura-artes-visuales","ubicacion-de-evento-cdmx","ubicacion-de-evento-mexico","categoria-de-evento-exposicion","categoria-de-evento-museo-exposicion"],"_links":{"self":[{"href":"https:\/\/themesh.art\/en\/wp-json\/wp\/v2\/eventos\/23269","targetHints":{"allow":["GET"]}}],"collection":[{"href":"https:\/\/themesh.art\/en\/wp-json\/wp\/v2\/eventos"}],"about":[{"href":"https:\/\/themesh.art\/en\/wp-json\/wp\/v2\/types\/eventos"}],"author":[{"embeddable":true,"href":"https:\/\/themesh.art\/en\/wp-json\/wp\/v2\/users\/1"}],"wp:featuredmedia":[{"embeddable":true,"href":"https:\/\/themesh.art\/en\/wp-json\/wp\/v2\/media\/12551"}],"wp:attachment":[{"href":"https:\/\/themesh.art\/en\/wp-json\/wp\/v2\/media?parent=23269"}],"wp:term":[{"taxonomy":"etiquetas-de-evento","embeddable":true,"href":"https:\/\/themesh.art\/en\/wp-json\/wp\/v2\/etiquetas-de-evento?post=23269"},{"taxonomy":"ubicacion-de-evento","embeddable":true,"href":"https:\/\/themesh.art\/en\/wp-json\/wp\/v2\/ubicacion-de-evento?post=23269"},{"taxonomy":"categoria-de-evento","embeddable":true,"href":"https:\/\/themesh.art\/en\/wp-json\/wp\/v2\/categoria-de-evento?post=23269"}],"curies":[{"name":"wp","href":"https:\/\/api.w.org\/{rel}","templated":true}]}}