{"id":23116,"date":"2024-11-23T02:28:39","date_gmt":"2024-11-23T08:28:39","guid":{"rendered":"https:\/\/themesh.art\/eventos\/el-negro-de-beatriz-zamora\/"},"modified":"2024-11-27T11:19:17","modified_gmt":"2024-11-27T17:19:17","slug":"el-negro-de-beatriz-zamora","status":"publish","type":"eventos","link":"https:\/\/themesh.art\/en\/eventos\/el-negro-de-beatriz-zamora\/","title":{"rendered":"El negro de Beatriz Zamora"},"content":{"rendered":"<p>El&nbsp;<strong>Museo de la Ciudad de M\u00e9xico<\/strong>, recinto perteneciente a la&nbsp;<strong>Secretar\u00eda de Cultura capitalina<\/strong>, presenta la exposici\u00f3n&nbsp;<strong><em>El Negro de Beatriz Zamora<\/em><\/strong>, en la que la artista pl\u00e1stica muestra 94 obras en distintos formatos y t\u00e9cnicas, que son el reflejo de su trabajo durante m\u00e1s de cuatro d\u00e9cadas, y que permanecer\u00e1n hasta el domingo 30 de marzo de 2025.<\/p>\n\n\n\n<p>En la ceremonia de inauguraci\u00f3n estuvieron presentes Jos\u00e9 Mar\u00eda Espinasa Yllades, director General de la Red de Museos de la Ciudad de M\u00e9xico; la artista Beatriz Zamora, artista contempor\u00e1nea nacida en 1935; y sus hijos Miriam, Beatriz y Francisco Hern\u00e1ndez Zamora.<\/p>\n\n\n\n<p>A nombre del Jefe de Gobierno, Mart\u00ed Batres Guadarrama; y del encargado de despacho de la Secretar\u00eda de Cultura de la Ciudad de M\u00e9xico, Argel G\u00f3mez Concheiro, Espinasa Yllades agradeci\u00f3 a Zamora por elegir el museo para realizar su exposici\u00f3n con obras que ha trabajado desde 1977.<\/p>\n\n\n\n<p>\u201cPara ella el negro es una luz, una luz distinta que nos llega de adentro del cuadro y adentro de ella misma. Zamora toma de la tierra tonos y texturas, filos y rugosidades. Son unas obras, una exposici\u00f3n en su conjunto que nos pide recogernos y concentrarnos en un ritual y pensar en esta galer\u00eda casi como un templo. La pintora nos pide entregarnos al v\u00e9rtigo de lo negro en su insondable abismo\u201d, declar\u00f3 el funcionario.<\/p>\n\n\n\n<p>Mientras que Beatriz Zamora, quien lleg\u00f3 vestida igualmente de negro, agradeci\u00f3 la presencia del p\u00fablico asistente que abarrot\u00f3 el recinto cultural y mencion\u00f3 que su trabajo y sus obras buscan llegar a todos y no fin lucrativo.<\/p>\n\n\n\n<p>\u201cDe la obra no tengo que decir nada porque ella lo dice por s\u00ed misma, yo no puedo inventar cuentos ni historias, solamente decir que esa es nuestra mismidad de una, de otra y de todas maneras, porque somos as\u00ed, no somos una sola cosa, sino agua, aire y muchas cosas que no sabemos que son la vida misma.<\/p>\n\n\n\n<p>Yo espero que la obra les d\u00e9 algo. Ha sido una obra hecha para todos, no ha sido para vender, porque es imposible que una cosa as\u00ed se vendiera pero eso no importaba, era para M\u00e9xico, era para todos, para eso he trabajado. Se los entrego\u201d, afirm\u00f3. Por su parte, Francisco Hern\u00e1ndez Zamora, quien tambi\u00e9n es curador de la exposici\u00f3n, mencion\u00f3 que el trabajo de su madre parte de una inspiraci\u00f3n de la condici\u00f3n humana y de las culturas milenarias del pa\u00eds.<\/p>\n\n\n\n<p>\u201cEs la historia y el tiempo del Mexico profundo milenario, con eso conversa, y esa fue la ra\u00edz profunda desde donde emerge el negro. Beatriz Zamora abraz\u00f3 esa condici\u00f3n humana profunda de este M\u00e9xico para extraer la fuerza vital y con ella expresa no un monocromo, sino una cantidad de planteamientos rizom\u00e1ticos de las posibilidades de un negro infinito\u201d, sostuvo.<\/p>\n\n\n\n<p>En la exposici\u00f3n se pueden encontrar obras de variedad de medidas y tama\u00f1o, que van desde los 15 hasta los 400 kilogramos. Adem\u00e1s, son de diferentes materiales de origen natural o mineral como carb\u00f3n triturado, acerina, turmalina, tierra, barro, obsidiana, entre otros, los cuales generan diversas tonalidades de negro, como aterciopelados, suave, met\u00e1lico o cristalino.<\/p>\n\n\n\n<p>A lo largo de 40 a\u00f1os, la artista se ha especializado en el descubrimiento del individuo por medio de este color, en el que expresa la finitud e introspecci\u00f3n de las relaciones humanas, la conciencia y el universo.<\/p>\n\n\n\n<p>Cabe destacar que la artista estudi\u00f3 en la \u00c9cole Nationale Sup\u00e9rieure des Beaux-Arts, en Par\u00eds, adem\u00e1s trabaj\u00f3 con el ceramista Jos\u00e9 Casta\u00f1o y con el muralista Jos\u00e9 Hern\u00e1ndez Delgadillo.<\/p>","protected":false},"excerpt":{"rendered":"<p>El&nbsp;Museo de la Ciudad de M\u00e9xico, recinto perteneciente a la&nbsp;Secretar\u00eda de Cultura capitalina, presenta la exposici\u00f3n&nbsp;El Negro de Beatriz Zamora, [&hellip;]<\/p>","protected":false},"author":1,"featured_media":12040,"template":"","meta":{"site-sidebar-layout":"default","site-content-layout":"","ast-site-content-layout":"","site-content-style":"default","site-sidebar-style":"default","ast-global-header-display":"","ast-banner-title-visibility":"","ast-main-header-display":"","ast-hfb-above-header-display":"","ast-hfb-below-header-display":"","ast-hfb-mobile-header-display":"","site-post-title":"","ast-breadcrumbs-content":"","ast-featured-img":"","footer-sml-layout":"","theme-transparent-header-meta":"","adv-header-id-meta":"","stick-header-meta":"","header-above-stick-meta":"","header-main-stick-meta":"","header-below-stick-meta":"","astra-migrate-meta-layouts":"default","ast-page-background-enabled":"default","ast-page-background-meta":{"desktop":{"background-color":"var(--ast-global-color-4)","background-image":"","background-repeat":"repeat","background-position":"center center","background-size":"auto","background-attachment":"scroll","background-type":"","background-media":"","overlay-type":"","overlay-color":"","overlay-opacity":"","overlay-gradient":""},"tablet":{"background-color":"","background-image":"","background-repeat":"repeat","background-position":"center center","background-size":"auto","background-attachment":"scroll","background-type":"","background-media":"","overlay-type":"","overlay-color":"","overlay-opacity":"","overlay-gradient":""},"mobile":{"background-color":"","background-image":"","background-repeat":"repeat","background-position":"center center","background-size":"auto","background-attachment":"scroll","background-type":"","background-media":"","overlay-type":"","overlay-color":"","overlay-opacity":"","overlay-gradient":""}},"ast-content-background-meta":{"desktop":{"background-color":"var(--ast-global-color-5)","background-image":"","background-repeat":"repeat","background-position":"center center","background-size":"auto","background-attachment":"scroll","background-type":"","background-media":"","overlay-type":"","overlay-color":"","overlay-opacity":"","overlay-gradient":""},"tablet":{"background-color":"var(--ast-global-color-5)","background-image":"","background-repeat":"repeat","background-position":"center center","background-size":"auto","background-attachment":"scroll","background-type":"","background-media":"","overlay-type":"","overlay-color":"","overlay-opacity":"","overlay-gradient":""},"mobile":{"background-color":"var(--ast-global-color-5)","background-image":"","background-repeat":"repeat","background-position":"center center","background-size":"auto","background-attachment":"scroll","background-type":"","background-media":"","overlay-type":"","overlay-color":"","overlay-opacity":"","overlay-gradient":""}},"featured_event":"","duracion_evento":""},"etiquetas-de-evento":[1630,506,1636,1697,1623],"ubicacion-de-evento":[479,478],"categoria-de-evento":[1628,1629],"class_list":["post-23116","eventos","type-eventos","status-publish","has-post-thumbnail","hentry","etiquetas-de-evento-arte-contemporaneo-artes-visuales","etiquetas-de-evento-artes-visuales","etiquetas-de-evento-escultura-artes-visuales","etiquetas-de-evento-objeto","etiquetas-de-evento-pintura-artes-visuales","ubicacion-de-evento-cdmx","ubicacion-de-evento-mexico","categoria-de-evento-exposicion","categoria-de-evento-museo-exposicion"],"_links":{"self":[{"href":"https:\/\/themesh.art\/en\/wp-json\/wp\/v2\/eventos\/23116","targetHints":{"allow":["GET"]}}],"collection":[{"href":"https:\/\/themesh.art\/en\/wp-json\/wp\/v2\/eventos"}],"about":[{"href":"https:\/\/themesh.art\/en\/wp-json\/wp\/v2\/types\/eventos"}],"author":[{"embeddable":true,"href":"https:\/\/themesh.art\/en\/wp-json\/wp\/v2\/users\/1"}],"wp:featuredmedia":[{"embeddable":true,"href":"https:\/\/themesh.art\/en\/wp-json\/wp\/v2\/media\/12040"}],"wp:attachment":[{"href":"https:\/\/themesh.art\/en\/wp-json\/wp\/v2\/media?parent=23116"}],"wp:term":[{"taxonomy":"etiquetas-de-evento","embeddable":true,"href":"https:\/\/themesh.art\/en\/wp-json\/wp\/v2\/etiquetas-de-evento?post=23116"},{"taxonomy":"ubicacion-de-evento","embeddable":true,"href":"https:\/\/themesh.art\/en\/wp-json\/wp\/v2\/ubicacion-de-evento?post=23116"},{"taxonomy":"categoria-de-evento","embeddable":true,"href":"https:\/\/themesh.art\/en\/wp-json\/wp\/v2\/categoria-de-evento?post=23116"}],"curies":[{"name":"wp","href":"https:\/\/api.w.org\/{rel}","templated":true}]}}