{"id":22740,"date":"2024-11-23T02:23:41","date_gmt":"2024-11-23T08:23:41","guid":{"rendered":"https:\/\/themesh.art\/eventos\/wes-sanders-refugio-de-luz\/"},"modified":"2024-11-27T11:13:39","modified_gmt":"2024-11-27T17:13:39","slug":"wes-sanders-refugio-de-luz","status":"publish","type":"eventos","link":"https:\/\/themesh.art\/en\/eventos\/wes-sanders-refugio-de-luz\/","title":{"rendered":"Wes Sanders: Refugio de luz"},"content":{"rendered":"<p>KOIK Contemporary te invita a la inauguraci\u00f3n con las obras de nuestro Artistx Invitadx en Residencia, Wes Sanders.&nbsp;<a href=\"https:\/\/www.instagram.com\/wesaso\/?hl=en\">@wesaso<\/a><\/p>\n\n\n\n<p>Recepci\u00f3n de Inauguraci\u00f3n<br>Viernes, 7 de Junio, 2024 | 7:30 PM<br>KOIK Contemporary<\/p>\n\n\n\n<p>\u201cRefugio de Luz\u201d investiga el concepto de sabidur\u00eda compartida, enfoc\u00e1ndose en el conocimiento ancestral de construir refugios. En el n\u00facleo de la existencia humana yace nuestra capacidad de manipular nuestro entorno para crear un refugio. Durante milenios, los humanos han utilizado materiales de su entorno inmediato\u2014arcilla, piedra, ramas, arena, lianas o pieles de animales\u2014para construir recintos y asegurar un sentido de seguridad. Este conocimiento innato est\u00e1 profundamente arraigado en nuestro ADN.<\/p>\n\n\n\n<p>Mientras recog\u00eda cientos de ramas de las calles y parques de la Ciudad de M\u00e9xico, reflexion\u00e9 sobre cu\u00e1ntas veces esta misma acci\u00f3n hab\u00eda sido realizada por mis antepasados.<\/p>\n\n\n\n<p>\u201cRefugio de Luz\u201d es tanto una manifestaci\u00f3n f\u00edsica de esta sabidur\u00eda profundamente arraigada como una met\u00e1fora de c\u00f3mo nuestros cuerpos la encarnan\u2014en nuestras manos, huesos y sangre. Las ramas rosadas y sinuosas representan tanto la estructura como el cuerpo, con la luz que emana de ellas simbolizando nuestra sabidur\u00eda compartida. A medida que estas ramas se conectan, fluyen y se apoyan entre s\u00ed, esta pieza nos recuerda nuestra profunda relaci\u00f3n con la naturaleza como nuestra proveedora, la innegable fuerza de la comunidad y el impulso interno inherente que todos compartimos para crear \u201chogar\u201d.<\/p>\n\n\n\n<p>\u00danete a nosotros para una noche de inspiraci\u00f3n y conexi\u00f3n con el arte visionario de Wes Sanders.<\/p>","protected":false},"excerpt":{"rendered":"<p>KOIK Contemporary te invita a la inauguraci\u00f3n con las obras de nuestro Artistx Invitadx en Residencia, Wes Sanders.&nbsp;@wesaso Recepci\u00f3n de [&hellip;]<\/p>","protected":false},"author":1,"featured_media":10002,"template":"","meta":{"site-sidebar-layout":"default","site-content-layout":"","ast-site-content-layout":"","site-content-style":"default","site-sidebar-style":"default","ast-global-header-display":"","ast-banner-title-visibility":"","ast-main-header-display":"","ast-hfb-above-header-display":"","ast-hfb-below-header-display":"","ast-hfb-mobile-header-display":"","site-post-title":"","ast-breadcrumbs-content":"","ast-featured-img":"","footer-sml-layout":"","theme-transparent-header-meta":"","adv-header-id-meta":"","stick-header-meta":"","header-above-stick-meta":"","header-main-stick-meta":"","header-below-stick-meta":"","astra-migrate-meta-layouts":"default","ast-page-background-enabled":"default","ast-page-background-meta":{"desktop":{"background-color":"var(--ast-global-color-4)","background-image":"","background-repeat":"repeat","background-position":"center center","background-size":"auto","background-attachment":"scroll","background-type":"","background-media":"","overlay-type":"","overlay-color":"","overlay-opacity":"","overlay-gradient":""},"tablet":{"background-color":"","background-image":"","background-repeat":"repeat","background-position":"center center","background-size":"auto","background-attachment":"scroll","background-type":"","background-media":"","overlay-type":"","overlay-color":"","overlay-opacity":"","overlay-gradient":""},"mobile":{"background-color":"","background-image":"","background-repeat":"repeat","background-position":"center center","background-size":"auto","background-attachment":"scroll","background-type":"","background-media":"","overlay-type":"","overlay-color":"","overlay-opacity":"","overlay-gradient":""}},"ast-content-background-meta":{"desktop":{"background-color":"var(--ast-global-color-5)","background-image":"","background-repeat":"repeat","background-position":"center center","background-size":"auto","background-attachment":"scroll","background-type":"","background-media":"","overlay-type":"","overlay-color":"","overlay-opacity":"","overlay-gradient":""},"tablet":{"background-color":"var(--ast-global-color-5)","background-image":"","background-repeat":"repeat","background-position":"center center","background-size":"auto","background-attachment":"scroll","background-type":"","background-media":"","overlay-type":"","overlay-color":"","overlay-opacity":"","overlay-gradient":""},"mobile":{"background-color":"var(--ast-global-color-5)","background-image":"","background-repeat":"repeat","background-position":"center center","background-size":"auto","background-attachment":"scroll","background-type":"","background-media":"","overlay-type":"","overlay-color":"","overlay-opacity":"","overlay-gradient":""}},"fecha_de_inicio":1717788600,"fecha_de_finalizacion":1722384000,"duracion_evento":"","modalidad":"","tipo_de_acceso":"","precio_evento":"","link_externo":"","direccion":"Revillagigedo 75, Centro Hist\u00f3rico de la Cdad. de M\u00e9xico, Centro, Cuauht\u00e9moc, 06000 Ciudad de M\u00e9xico, CDMX","featured_event":""},"etiquetas-de-evento":[506,1642],"ubicacion-de-evento":[479,478],"categoria-de-evento":[1628,1631],"class_list":["post-22740","eventos","type-eventos","status-publish","has-post-thumbnail","hentry","etiquetas-de-evento-artes-visuales","etiquetas-de-evento-instalacion","ubicacion-de-evento-cdmx","ubicacion-de-evento-mexico","categoria-de-evento-exposicion","categoria-de-evento-galeria-exposicion"],"_links":{"self":[{"href":"https:\/\/themesh.art\/en\/wp-json\/wp\/v2\/eventos\/22740","targetHints":{"allow":["GET"]}}],"collection":[{"href":"https:\/\/themesh.art\/en\/wp-json\/wp\/v2\/eventos"}],"about":[{"href":"https:\/\/themesh.art\/en\/wp-json\/wp\/v2\/types\/eventos"}],"author":[{"embeddable":true,"href":"https:\/\/themesh.art\/en\/wp-json\/wp\/v2\/users\/1"}],"wp:featuredmedia":[{"embeddable":true,"href":"https:\/\/themesh.art\/en\/wp-json\/wp\/v2\/media\/10002"}],"wp:attachment":[{"href":"https:\/\/themesh.art\/en\/wp-json\/wp\/v2\/media?parent=22740"}],"wp:term":[{"taxonomy":"etiquetas-de-evento","embeddable":true,"href":"https:\/\/themesh.art\/en\/wp-json\/wp\/v2\/etiquetas-de-evento?post=22740"},{"taxonomy":"ubicacion-de-evento","embeddable":true,"href":"https:\/\/themesh.art\/en\/wp-json\/wp\/v2\/ubicacion-de-evento?post=22740"},{"taxonomy":"categoria-de-evento","embeddable":true,"href":"https:\/\/themesh.art\/en\/wp-json\/wp\/v2\/categoria-de-evento?post=22740"}],"curies":[{"name":"wp","href":"https:\/\/api.w.org\/{rel}","templated":true}]}}