{"id":22640,"date":"2024-11-23T02:23:37","date_gmt":"2024-11-23T08:23:37","guid":{"rendered":"https:\/\/themesh.art\/eventos\/ofcm-lebel-prain-alvarez-ibert-kodaly-roussel-2\/"},"modified":"2024-11-27T09:58:45","modified_gmt":"2024-11-27T15:58:45","slug":"ofcm-lebel-prain-alvarez-ibert-kodaly-roussel-2","status":"publish","type":"eventos","link":"https:\/\/themesh.art\/en\/eventos\/ofcm-lebel-prain-alvarez-ibert-kodaly-roussel-2\/","title":{"rendered":"OFCM Lebel \/ Prain: \u00c1lvarez &#8211; Ibert &#8211; Kod\u00e1ly &#8211; Roussel"},"content":{"rendered":"<p><strong>Concierto precedido por m\u00fasica de c\u00e1mara en el LOBBY!<\/strong><\/p>\n\n\n\n<p>Solista y m\u00fasicos de la OFCM tocan una obra m\u00fasica de c\u00e1mara antes del concierto. Disfruta nuestro programa de preconciertos.<\/p>\n\n\n\n<p><strong>S\u00e1bado 19 de octubre, 17 horas<\/strong><br><strong>Domingo 20 de octubre, 11:30 horas<\/strong><br>Vest\u00edbulo de la Sala Silvestre Revueltas<\/p>\n\n\n\n<p><strong>JAVIER CRUZ<\/strong>, contrabajo<br><strong>ALBERTO CAMINOS<\/strong>, contrabajo<\/p>\n\n\n\n<p>Giovanni Bottesini &#8211; Gran Duetto no. 1 para dos contrabajos<\/p>\n\n\n\n<p>S\u00e1bado 19 de octubre, 18 horas<br>Domingo 20 de octubre, 12:30 horas<br><strong>Sala Silvestre Revueltas<\/strong><\/p>\n\n\n\n<p><strong>MARTIN LEBEL<\/strong>, director<br><strong>ISABELLE PRAIN LEBEL<\/strong>, flauta<\/p>\n\n\n\n<hr class=\"wp-block-separator has-alpha-channel-opacity\"\/>\n\n\n\n<p><strong>JAVIER \u00c1LVAREZ (1956 &#8211; 2023)<\/strong><br><a href=\"http:\/\/ofcm.cultura.cdmx.gob.mx\/node\/1157#1138\"><strong><\/strong><\/a><\/p>\n\n\n\n<p><a href=\"http:\/\/ofcm.cultura.cdmx.gob.mx\/node\/1157#1138\"><strong><em>De aqu\u00ed a la veleta<\/em><\/strong><\/a><\/p>\n\n\n\n<hr class=\"wp-block-separator has-alpha-channel-opacity\"\/>\n\n\n\n<p><strong>JAQUES IBERT (1890 &#8211; 1962)<\/strong><br><a href=\"http:\/\/ofcm.cultura.cdmx.gob.mx\/node\/1157#1139\"><strong><\/strong><\/a><\/p>\n\n\n\n<p><a href=\"http:\/\/ofcm.cultura.cdmx.gob.mx\/node\/1157#1139\"><strong>Concierto para flauta y orquesta<\/strong><\/a><\/p>\n\n\n\n<hr class=\"wp-block-separator has-alpha-channel-opacity\"\/>\n\n\n\n<p><strong>ZOLT\u00c1N KOD\u00c1LY (1882-1967)<\/strong><br><a href=\"http:\/\/ofcm.cultura.cdmx.gob.mx\/node\/1157#853\"><strong><\/strong><\/a><\/p>\n\n\n\n<p><a href=\"http:\/\/ofcm.cultura.cdmx.gob.mx\/node\/1157#853\"><strong><em>Danzas de Gal\u00e1nta<\/em><\/strong><\/a><\/p>\n\n\n\n<hr class=\"wp-block-separator has-alpha-channel-opacity\"\/>\n\n\n\n<p><strong>ALBERT ROUSELL (1869 &#8211; 1937)<\/strong><br><a href=\"http:\/\/ofcm.cultura.cdmx.gob.mx\/node\/1157#1140\"><strong><\/strong><\/a><\/p>\n\n\n\n<p><a href=\"http:\/\/ofcm.cultura.cdmx.gob.mx\/node\/1157#1140\"><strong>Sinfon\u00eda no. 3 en sol menor, op. 42<\/strong><\/a><\/p>","protected":false},"excerpt":{"rendered":"<p>Concierto precedido por m\u00fasica de c\u00e1mara en el LOBBY! Solista y m\u00fasicos de la OFCM tocan una obra m\u00fasica de [&hellip;]<\/p>","protected":false},"author":1,"featured_media":9472,"template":"","meta":{"site-sidebar-layout":"default","site-content-layout":"","ast-site-content-layout":"","site-content-style":"default","site-sidebar-style":"default","ast-global-header-display":"","ast-banner-title-visibility":"","ast-main-header-display":"","ast-hfb-above-header-display":"","ast-hfb-below-header-display":"","ast-hfb-mobile-header-display":"","site-post-title":"","ast-breadcrumbs-content":"","ast-featured-img":"","footer-sml-layout":"","theme-transparent-header-meta":"","adv-header-id-meta":"","stick-header-meta":"","header-above-stick-meta":"","header-main-stick-meta":"","header-below-stick-meta":"","astra-migrate-meta-layouts":"default","ast-page-background-enabled":"default","ast-page-background-meta":{"desktop":{"background-color":"var(--ast-global-color-4)","background-image":"","background-repeat":"repeat","background-position":"center center","background-size":"auto","background-attachment":"scroll","background-type":"","background-media":"","overlay-type":"","overlay-color":"","overlay-opacity":"","overlay-gradient":""},"tablet":{"background-color":"","background-image":"","background-repeat":"repeat","background-position":"center center","background-size":"auto","background-attachment":"scroll","background-type":"","background-media":"","overlay-type":"","overlay-color":"","overlay-opacity":"","overlay-gradient":""},"mobile":{"background-color":"","background-image":"","background-repeat":"repeat","background-position":"center center","background-size":"auto","background-attachment":"scroll","background-type":"","background-media":"","overlay-type":"","overlay-color":"","overlay-opacity":"","overlay-gradient":""}},"ast-content-background-meta":{"desktop":{"background-color":"var(--ast-global-color-5)","background-image":"","background-repeat":"repeat","background-position":"center center","background-size":"auto","background-attachment":"scroll","background-type":"","background-media":"","overlay-type":"","overlay-color":"","overlay-opacity":"","overlay-gradient":""},"tablet":{"background-color":"var(--ast-global-color-5)","background-image":"","background-repeat":"repeat","background-position":"center center","background-size":"auto","background-attachment":"scroll","background-type":"","background-media":"","overlay-type":"","overlay-color":"","overlay-opacity":"","overlay-gradient":""},"mobile":{"background-color":"var(--ast-global-color-5)","background-image":"","background-repeat":"repeat","background-position":"center center","background-size":"auto","background-attachment":"scroll","background-type":"","background-media":"","overlay-type":"","overlay-color":"","overlay-opacity":"","overlay-gradient":""}},"featured_event":"","duracion_evento":""},"etiquetas-de-evento":[1632],"ubicacion-de-evento":[479,478],"categoria-de-evento":[483,482],"class_list":["post-22640","eventos","type-eventos","status-publish","has-post-thumbnail","hentry","etiquetas-de-evento-musica","ubicacion-de-evento-cdmx","ubicacion-de-evento-mexico","categoria-de-evento-concierto","categoria-de-evento-musica"],"_links":{"self":[{"href":"https:\/\/themesh.art\/en\/wp-json\/wp\/v2\/eventos\/22640","targetHints":{"allow":["GET"]}}],"collection":[{"href":"https:\/\/themesh.art\/en\/wp-json\/wp\/v2\/eventos"}],"about":[{"href":"https:\/\/themesh.art\/en\/wp-json\/wp\/v2\/types\/eventos"}],"author":[{"embeddable":true,"href":"https:\/\/themesh.art\/en\/wp-json\/wp\/v2\/users\/1"}],"wp:featuredmedia":[{"embeddable":true,"href":"https:\/\/themesh.art\/en\/wp-json\/wp\/v2\/media\/9472"}],"wp:attachment":[{"href":"https:\/\/themesh.art\/en\/wp-json\/wp\/v2\/media?parent=22640"}],"wp:term":[{"taxonomy":"etiquetas-de-evento","embeddable":true,"href":"https:\/\/themesh.art\/en\/wp-json\/wp\/v2\/etiquetas-de-evento?post=22640"},{"taxonomy":"ubicacion-de-evento","embeddable":true,"href":"https:\/\/themesh.art\/en\/wp-json\/wp\/v2\/ubicacion-de-evento?post=22640"},{"taxonomy":"categoria-de-evento","embeddable":true,"href":"https:\/\/themesh.art\/en\/wp-json\/wp\/v2\/categoria-de-evento?post=22640"}],"curies":[{"name":"wp","href":"https:\/\/api.w.org\/{rel}","templated":true}]}}